{"id":586,"date":"2025-01-10T14:16:02","date_gmt":"2025-01-10T13:16:02","guid":{"rendered":"https:\/\/www.ch-dunkerque.fr\/maternite\/?page_id=586"},"modified":"2026-04-09T15:59:29","modified_gmt":"2026-04-09T13:59:29","slug":"le-reseau-local-dkparentalite","status":"publish","type":"page","link":"https:\/\/www.ch-dunkerque.fr\/maternite\/le-reseau-local-dkparentalite\/","title":{"rendered":"Le r\u00e9seau local Dk&#8217;Parentalit\u00e9"},"content":{"rendered":"\t\t<div data-elementor-type=\"wp-page\" data-elementor-id=\"586\" class=\"elementor elementor-586\">\n\t\t\t\t\t\t<section class=\"elementor-section elementor-top-section elementor-element elementor-element-87cd786 elementor-section-boxed elementor-section-height-default elementor-section-height-default\" data-id=\"87cd786\" data-element_type=\"section\" data-e-type=\"section\">\n\t\t\t\t\t\t<div class=\"elementor-container elementor-column-gap-default\">\n\t\t\t\t\t<div class=\"elementor-column elementor-col-100 elementor-top-column elementor-element elementor-element-8f2f674\" data-id=\"8f2f674\" data-element_type=\"column\" data-e-type=\"column\">\n\t\t\t<div class=\"elementor-widget-wrap elementor-element-populated\">\n\t\t\t\t\t\t<div class=\"elementor-element elementor-element-cc79978 elementor-widget elementor-widget-image\" data-id=\"cc79978\" data-element_type=\"widget\" data-e-type=\"widget\" data-widget_type=\"image.default\">\n\t\t\t\t<div class=\"elementor-widget-container\">\n\t\t\t\t\t\t\t\t\t\t\t\t\t\t\t<img fetchpriority=\"high\" decoding=\"async\" width=\"353\" height=\"207\" src=\"https:\/\/www.ch-dunkerque.fr\/maternite\/wp-content\/uploads\/sites\/3\/2024\/12\/Dk-parentalite-vertical-.jpg\" class=\"attachment-large size-large wp-image-607\" alt=\"\" srcset=\"https:\/\/www.ch-dunkerque.fr\/maternite\/wp-content\/uploads\/sites\/3\/2024\/12\/Dk-parentalite-vertical-.jpg 353w, https:\/\/www.ch-dunkerque.fr\/maternite\/wp-content\/uploads\/sites\/3\/2024\/12\/Dk-parentalite-vertical--300x176.jpg 300w\" sizes=\"(max-width: 353px) 100vw, 353px\" \/>\t\t\t\t\t\t\t\t\t\t\t\t\t\t\t<\/div>\n\t\t\t\t<\/div>\n\t\t\t\t<div class=\"elementor-element elementor-element-192638f elementor-tabs-view-horizontal elementor-widget elementor-widget-tabs\" data-id=\"192638f\" data-element_type=\"widget\" data-e-type=\"widget\" data-widget_type=\"tabs.default\">\n\t\t\t\t<div class=\"elementor-widget-container\">\n\t\t\t\t\t\t\t<div class=\"elementor-tabs\">\n\t\t\t<div class=\"elementor-tabs-wrapper\" role=\"tablist\" >\n\t\t\t\t\t\t\t\t\t<div id=\"elementor-tab-title-2631\" class=\"elementor-tab-title elementor-tab-desktop-title\" aria-selected=\"true\" data-tab=\"1\" role=\"tab\" tabindex=\"0\" aria-controls=\"elementor-tab-content-2631\" aria-expanded=\"false\">C'est quoi ?<\/div>\n\t\t\t\t\t\t\t\t\t<div id=\"elementor-tab-title-2632\" class=\"elementor-tab-title elementor-tab-desktop-title\" aria-selected=\"false\" data-tab=\"2\" role=\"tab\" tabindex=\"-1\" aria-controls=\"elementor-tab-content-2632\" aria-expanded=\"false\">Les diff\u00e9rents ateliers<\/div>\n\t\t\t\t\t\t\t\t\t<div id=\"elementor-tab-title-2633\" class=\"elementor-tab-title elementor-tab-desktop-title\" aria-selected=\"false\" data-tab=\"3\" role=\"tab\" tabindex=\"-1\" aria-controls=\"elementor-tab-content-2633\" aria-expanded=\"false\">Avec qui ?<\/div>\n\t\t\t\t\t\t\t\t\t<div id=\"elementor-tab-title-2634\" class=\"elementor-tab-title elementor-tab-desktop-title\" aria-selected=\"false\" data-tab=\"4\" role=\"tab\" tabindex=\"-1\" aria-controls=\"elementor-tab-content-2634\" aria-expanded=\"false\">Je m'inscris<\/div>\n\t\t\t\t\t\t\t<\/div>\n\t\t\t<div class=\"elementor-tabs-content-wrapper\" role=\"tablist\" aria-orientation=\"vertical\">\n\t\t\t\t\t\t\t\t\t<div class=\"elementor-tab-title elementor-tab-mobile-title\" aria-selected=\"true\" data-tab=\"1\" role=\"tab\" tabindex=\"0\" aria-controls=\"elementor-tab-content-2631\" aria-expanded=\"false\">C'est quoi ?<\/div>\n\t\t\t\t\t<div id=\"elementor-tab-content-2631\" class=\"elementor-tab-content elementor-clearfix\" data-tab=\"1\" role=\"tabpanel\" aria-labelledby=\"elementor-tab-title-2631\" tabindex=\"0\" hidden=\"false\"><p style=\"text-align: justify\"><span style=\"font-size: 12pt\"><b>Dk\u2019Parentalit\u00e9<\/b>\u00a0est un r\u00e9seau de pr\u00e9vention regroupant les professionnels d\u2019horizons\u00a0diversifi\u00e9s.\u00a0<\/span><\/p><p style=\"text-align: justify\"><span style=\"font-size: 12pt\">Il s\u2019inscrit dans la politique de sant\u00e9 des <\/span><a style=\"font-size: 12pt;background-color: #ffffff\" href=\"https:\/\/www.1000-premiers-jours.fr\/fr\">1000 premiers jours<\/a><span style=\"font-size: 12pt\">.<\/span><\/p><p style=\"text-align: justify\"><span style=\"font-size: 12.0pt\">Ce collectif r\u00e9unit des organismes diff\u00e9rents\u00a0<\/span><span style=\"font-size: 12pt\">avec la collaboration de multiples corps de m\u00e9tiers de la p\u00e9rinatalit\u00e9 et de la\u00a0<\/span><span style=\"font-size: 12pt\">petite enfance<\/span><span style=\"font-weight: var( --e-global-typography-text-font-weight );font-size: 12pt\">\u00a0(<\/span><span style=\"font-weight: var( --e-global-typography-text-font-weight );font-size: 1rem\">hospitaliers, m\u00e9dico-sociaux, associatifs, lib\u00e9raux et\u00a0<\/span><span style=\"font-weight: var( --e-global-typography-text-font-weight );font-size: 1rem\">ind\u00e9pendants)<\/span><span style=\"font-weight: var( --e-global-typography-text-font-weight );font-size: 12pt\">\u00a0\u00a0<\/span><span style=\"font-size: 12pt\">visant \u00e0 la cr\u00e9ation d\u2019ateliers de soutien \u00e0 la parentalit\u00e9 de\u00a0<\/span><span style=\"font-size: 12pt\">l\u2019ant\u00e9natal aux 3 ans de l\u2019enfant.<\/span><\/p><p style=\"text-align: justify\"><span style=\"font-size: 12.0pt\">Ceux-ci\u00a0sont gratuits, interactifs, ludiques et accessibles aux futurs et jeunes\u00a0parents facilement via\u00a0<\/span><a href=\"https:\/\/www.doctolib.fr\/maternite\/dunkerque\/dk-parentalite-reseau-prevention-du-dunkerquois\" target=\"_blank\" rel=\"noopener\">Doctolib<\/a><span style=\"font-size: 12.0pt\">.<\/span><\/p><p style=\"text-align: justify\"><span style=\"font-size: 12.0pt\">Chaque\u00a0atelier est assur\u00e9 par la contribution pluriprofessionnelle d\u2019experts issus de\u00a0diff\u00e9rents secteurs. Ce maillage permet une mutualisation des comp\u00e9tences, une\u00a0ouverture bienveillante pour les parents, une richesse des messages transmis et une connaissance des ressources sur le territoire.\u00a0<\/span><span style=\"font-size: 12pt\">Au-del\u00e0 de l\u2019offre\u00a0d\u2019accompagnement aux patients, cette dynamique favorise les liens et les\u00a0connaissances interprofessionnelles.<\/span><\/p><p style=\"text-align: justify\"><span style=\"font-size: 12.0pt\"><b>Les\u00a0objectifs des ateliers sont\u00a0de :<\/b><\/span><\/p><ul style=\"margin-top: 0cm\" type=\"disc\"><li style=\"margin-left: -15.6pt;text-align: justify\"><span style=\"font-size: 12.0pt\">D\u00e9velopper et valoriser les comp\u00e9tences parentales<\/span><\/li><li style=\"margin-left: -15.6pt;text-align: justify\"><span style=\"font-size: 12.0pt\">Favoriser le\u00a0d\u00e9veloppement de l\u2019enfant<\/span><\/li><li style=\"margin-left: -15.6pt;text-align: justify\"><span style=\"font-size: 12.0pt\">Favoriser l\u2019attachement\u00a0parent-enfant<\/span><\/li><li style=\"margin-left: -15.6pt;text-align: justify\"><span style=\"font-size: 12.0pt\">Pr\u00e9venir les risques (d\u00e9pression du post-partum,\u00a0syndrome du b\u00e9b\u00e9 secou\u00e9, maladies chroniques, maltraitance, troubles du\u00a0neuro d\u00e9veloppement\u2026)<\/span><\/li><li style=\"margin-left: -15.6pt;text-align: justify\"><span style=\"font-size: 12.0pt\">Rompre l\u2019isolement<\/span><\/li><li style=\"margin-left: -15.6pt;text-align: justify\"><span style=\"font-size: 12.0pt\">D\u00e9velopper la\u00a0paire-aidance<\/span><\/li><\/ul><\/div>\n\t\t\t\t\t\t\t\t\t<div class=\"elementor-tab-title elementor-tab-mobile-title\" aria-selected=\"false\" data-tab=\"2\" role=\"tab\" tabindex=\"-1\" aria-controls=\"elementor-tab-content-2632\" aria-expanded=\"false\">Les diff\u00e9rents ateliers<\/div>\n\t\t\t\t\t<div id=\"elementor-tab-content-2632\" class=\"elementor-tab-content elementor-clearfix\" data-tab=\"2\" role=\"tabpanel\" aria-labelledby=\"elementor-tab-title-2632\" tabindex=\"0\" hidden=\"hidden\"><p>Retrouvez l&#8217;ensemble des <b>ateliers <\/b>propos\u00e9s par le r\u00e9seau Dk&#8217;Parentalit\u00e9 dans le carrousel ci-dessous.<\/p><\/div>\n\t\t\t\t\t\t\t\t\t<div class=\"elementor-tab-title elementor-tab-mobile-title\" aria-selected=\"false\" data-tab=\"3\" role=\"tab\" tabindex=\"-1\" aria-controls=\"elementor-tab-content-2633\" aria-expanded=\"false\">Avec qui ?<\/div>\n\t\t\t\t\t<div id=\"elementor-tab-content-2633\" class=\"elementor-tab-content elementor-clearfix\" data-tab=\"3\" role=\"tabpanel\" aria-labelledby=\"elementor-tab-title-2633\" tabindex=\"0\" hidden=\"hidden\"><p>Le r\u00e9seau Dk&#8217;Parentalit\u00e9 est un <b>r\u00e9seau local<\/b> compos\u00e9 de :<\/p><ul><li>L&#8217;<a href=\"https:\/\/www.ch-dunkerque.fr\/\" target=\"_blank\" rel=\"noopener\">H\u00f4pital Alexandra Lep\u00e8ve<\/a><\/li><li><a style=\"background-color: #ffffff\" href=\"https:\/\/www.materlait.fr\/\" target=\"_blank\" rel=\"noopener\">Materlait<\/a><\/li><li><a href=\"https:\/\/parlonsen.org\/\" target=\"_blank\" rel=\"noopener\">Parlons-en !<\/a><\/li><li>L&#8217;<a href=\"https:\/\/www.afeji.org\/\" target=\"_blank\" rel=\"noopener\">Afeji Hauts-de-France<\/a><\/li><li>L&#8217;<a href=\"https:\/\/www.epsm-fl.fr\/\">EPSM des Flandres<\/a><\/li><li><a href=\"https:\/\/www.facebook.com\/p\/R%C3%A9adapt-et-vous-100068943200313\/\" target=\"_blank\" rel=\"noopener\">R\u00e9adapt&#8217;et vous<\/a><\/li><li><a href=\"https:\/\/www.facebook.com\/deslivresetvous.psychologue\/\" target=\"_blank\" rel=\"noopener\">Des livres et vous<\/a><\/li><li>La\u00a0<a href=\"https:\/\/www.facebook.com\/p\/Maison-de-sant%C3%A9-du-kruysbellaert-100083039484993\/?locale=fr_FR\" target=\"_blank\" rel=\"noopener\">Maison de sant\u00e9 du Kruysbellaert<\/a><\/li><li>Le\u00a0<a href=\"https:\/\/lenord.fr\/\" target=\"_blank\" rel=\"noopener\">D\u00e9partement du Nord<\/a><\/li><\/ul><\/div>\n\t\t\t\t\t\t\t\t\t<div class=\"elementor-tab-title elementor-tab-mobile-title\" aria-selected=\"false\" data-tab=\"4\" role=\"tab\" tabindex=\"-1\" aria-controls=\"elementor-tab-content-2634\" aria-expanded=\"false\">Je m'inscris<\/div>\n\t\t\t\t\t<div id=\"elementor-tab-content-2634\" class=\"elementor-tab-content elementor-clearfix\" data-tab=\"4\" role=\"tabpanel\" aria-labelledby=\"elementor-tab-title-2634\" tabindex=\"0\" hidden=\"hidden\"><p>Futurs et jeunes parents : inscrivez-vous gratuitement \u00e0 un ou plusieurs ateliers :<\/p><ul><li>En cliquant sur ce lien\u00a0<a style=\"background-color: #ffffff\" href=\"https:\/\/www.doctolib.fr\/maternite\/dunkerque\/dk-parentalite-reseau-prevention-du-dunkerquois\" target=\"_blank\" rel=\"noopener\">Doctolib<\/a>\u00a0<\/li><li>En scannant le QR code de l&#8217;Affiche DK&#8217;Parentalit\u00e9 !<\/li><\/ul><\/div>\n\t\t\t\t\t\t\t<\/div>\n\t\t<\/div>\n\t\t\t\t\t\t<\/div>\n\t\t\t\t<\/div>\n\t\t\t\t\t<\/div>\n\t\t<\/div>\n\t\t\t\t\t<\/div>\n\t\t<\/section>\n\t\t\t\t<section class=\"elementor-section elementor-top-section elementor-element elementor-element-f73a8e9 elementor-section-boxed elementor-section-height-default elementor-section-height-default\" data-id=\"f73a8e9\" data-element_type=\"section\" data-e-type=\"section\">\n\t\t\t\t\t\t<div class=\"elementor-container elementor-column-gap-default\">\n\t\t\t\t\t<div class=\"elementor-column elementor-col-100 elementor-top-column elementor-element elementor-element-fff0cb9\" data-id=\"fff0cb9\" data-element_type=\"column\" data-e-type=\"column\">\n\t\t\t<div class=\"elementor-widget-wrap elementor-element-populated\">\n\t\t\t\t\t\t<div class=\"elementor-element elementor-element-eb47650 elementor-arrows-position-inside elementor-pagination-position-outside elementor-widget elementor-widget-image-carousel\" data-id=\"eb47650\" data-element_type=\"widget\" data-e-type=\"widget\" data-settings=\"{&quot;slides_to_show&quot;:&quot;1&quot;,&quot;navigation&quot;:&quot;both&quot;,&quot;infinite&quot;:&quot;yes&quot;,&quot;effect&quot;:&quot;slide&quot;,&quot;speed&quot;:500}\" data-widget_type=\"image-carousel.default\">\n\t\t\t\t<div class=\"elementor-widget-container\">\n\t\t\t\t\t\t\t<div class=\"elementor-image-carousel-wrapper swiper\" role=\"region\" aria-roledescription=\"carousel\" aria-label=\"Carrousel d\u2019images\" dir=\"ltr\">\n\t\t\t<div class=\"elementor-image-carousel swiper-wrapper\" aria-live=\"polite\">\n\t\t\t\t\t\t\t\t<div class=\"swiper-slide\" role=\"group\" aria-roledescription=\"slide\" aria-label=\"1 sur 19\"><figure class=\"swiper-slide-inner\"><img decoding=\"async\" class=\"swiper-slide-image\" src=\"https:\/\/www.ch-dunkerque.fr\/maternite\/wp-content\/uploads\/sites\/3\/2024\/12\/v3-affiche-Dk-parentalite-1.jpg\" alt=\"v3 affiche Dk parentalit\u00e9\" \/><\/figure><\/div><div class=\"swiper-slide\" role=\"group\" aria-roledescription=\"slide\" aria-label=\"2 sur 19\"><figure class=\"swiper-slide-inner\"><img decoding=\"async\" class=\"swiper-slide-image\" src=\"https:\/\/www.ch-dunkerque.fr\/maternite\/wp-content\/uploads\/sites\/3\/2024\/12\/Langage-et-oralite.jpg\" alt=\"Langage et oralit\u00e9\" \/><\/figure><\/div><div class=\"swiper-slide\" role=\"group\" aria-roledescription=\"slide\" aria-label=\"3 sur 19\"><figure class=\"swiper-slide-inner\"><img decoding=\"async\" class=\"swiper-slide-image\" src=\"https:\/\/www.ch-dunkerque.fr\/maternite\/wp-content\/uploads\/sites\/3\/2024\/12\/Pleurs-du-nouveau-ne.jpg\" alt=\"Pleurs du nouveau n\u00e9\" \/><\/figure><\/div><div class=\"swiper-slide\" role=\"group\" aria-roledescription=\"slide\" aria-label=\"4 sur 19\"><figure class=\"swiper-slide-inner\"><img decoding=\"async\" class=\"swiper-slide-image\" src=\"https:\/\/www.ch-dunkerque.fr\/maternite\/wp-content\/uploads\/sites\/3\/2024\/12\/Portage-bebe.jpg\" alt=\"Portage b\u00e9b\u00e9\" \/><\/figure><\/div><div class=\"swiper-slide\" role=\"group\" aria-roledescription=\"slide\" aria-label=\"5 sur 19\"><figure class=\"swiper-slide-inner\"><img decoding=\"async\" class=\"swiper-slide-image\" src=\"https:\/\/www.ch-dunkerque.fr\/maternite\/wp-content\/uploads\/sites\/3\/2024\/12\/Retour-a-la-maison.jpg\" alt=\"Retour \u00e0 la maison\" \/><\/figure><\/div><div class=\"swiper-slide\" role=\"group\" aria-roledescription=\"slide\" aria-label=\"6 sur 19\"><figure class=\"swiper-slide-inner\"><img decoding=\"async\" class=\"swiper-slide-image\" src=\"https:\/\/www.ch-dunkerque.fr\/maternite\/wp-content\/uploads\/sites\/3\/2024\/12\/Securite-bebe.jpg\" alt=\"S\u00e9curit\u00e9 b\u00e9b\u00e9\" \/><\/figure><\/div><div class=\"swiper-slide\" role=\"group\" aria-roledescription=\"slide\" aria-label=\"7 sur 19\"><figure class=\"swiper-slide-inner\"><img decoding=\"async\" class=\"swiper-slide-image\" src=\"https:\/\/www.ch-dunkerque.fr\/maternite\/wp-content\/uploads\/sites\/3\/2024\/12\/Soins-du-nouveau-ne.jpg\" alt=\"Soins du nouveau-n\u00e9\" \/><\/figure><\/div><div class=\"swiper-slide\" role=\"group\" aria-roledescription=\"slide\" aria-label=\"8 sur 19\"><figure class=\"swiper-slide-inner\"><img decoding=\"async\" class=\"swiper-slide-image\" src=\"https:\/\/www.ch-dunkerque.fr\/maternite\/wp-content\/uploads\/sites\/3\/2024\/12\/Yoga.jpg\" alt=\"Yoga\" \/><\/figure><\/div><div class=\"swiper-slide\" role=\"group\" aria-roledescription=\"slide\" aria-label=\"9 sur 19\"><figure class=\"swiper-slide-inner\"><img decoding=\"async\" class=\"swiper-slide-image\" src=\"https:\/\/www.ch-dunkerque.fr\/maternite\/wp-content\/uploads\/sites\/3\/2024\/12\/allaitement.jpg\" alt=\"allaitement\" \/><\/figure><\/div><div class=\"swiper-slide\" role=\"group\" aria-roledescription=\"slide\" aria-label=\"10 sur 19\"><figure class=\"swiper-slide-inner\"><img decoding=\"async\" class=\"swiper-slide-image\" src=\"https:\/\/www.ch-dunkerque.fr\/maternite\/wp-content\/uploads\/sites\/3\/2024\/12\/Bibliotherapie.jpg\" alt=\"Biblioth\u00e9rapie\" \/><\/figure><\/div><div class=\"swiper-slide\" role=\"group\" aria-roledescription=\"slide\" aria-label=\"11 sur 19\"><figure class=\"swiper-slide-inner\"><img decoding=\"async\" class=\"swiper-slide-image\" src=\"https:\/\/www.ch-dunkerque.fr\/maternite\/wp-content\/uploads\/sites\/3\/2024\/12\/Bien-etre-du-bebe.jpg\" alt=\"Bien-\u00eatre du b\u00e9b\u00e9\" \/><\/figure><\/div><div class=\"swiper-slide\" role=\"group\" aria-roledescription=\"slide\" aria-label=\"12 sur 19\"><figure class=\"swiper-slide-inner\"><img decoding=\"async\" class=\"swiper-slide-image\" src=\"https:\/\/www.ch-dunkerque.fr\/maternite\/wp-content\/uploads\/sites\/3\/2025\/10\/100-Papa-1-768x1086.jpg\" alt=\"100% Papa (1)\" \/><\/figure><\/div><div class=\"swiper-slide\" role=\"group\" aria-roledescription=\"slide\" aria-label=\"13 sur 19\"><figure class=\"swiper-slide-inner\"><img decoding=\"async\" class=\"swiper-slide-image\" src=\"https:\/\/www.ch-dunkerque.fr\/maternite\/wp-content\/uploads\/sites\/3\/2025\/10\/Alimentation-chez-la-femme-enceinte-v3-768x1086.jpg\" alt=\"Alimentation chez la femme enceinte v3\" \/><\/figure><\/div><div class=\"swiper-slide\" role=\"group\" aria-roledescription=\"slide\" aria-label=\"14 sur 19\"><figure class=\"swiper-slide-inner\"><img decoding=\"async\" class=\"swiper-slide-image\" src=\"https:\/\/www.ch-dunkerque.fr\/maternite\/wp-content\/uploads\/sites\/3\/2025\/10\/diversification-alimentaire-768x1086.jpg\" alt=\"diversification alimentaire\" \/><\/figure><\/div><div class=\"swiper-slide\" role=\"group\" aria-roledescription=\"slide\" aria-label=\"15 sur 19\"><figure class=\"swiper-slide-inner\"><img decoding=\"async\" class=\"swiper-slide-image\" src=\"https:\/\/www.ch-dunkerque.fr\/maternite\/wp-content\/uploads\/sites\/3\/2026\/02\/Grossesse-et-AP-v2-768x1086.jpg\" alt=\"Grossesse et AP v2\" \/><\/figure><\/div><div class=\"swiper-slide\" role=\"group\" aria-roledescription=\"slide\" aria-label=\"16 sur 19\"><figure class=\"swiper-slide-inner\"><img decoding=\"async\" class=\"swiper-slide-image\" src=\"https:\/\/www.ch-dunkerque.fr\/maternite\/wp-content\/uploads\/sites\/3\/2026\/02\/Polluants-et-grossesse-vOV-768x1086.jpg\" alt=\"Polluants et grossesse vOV\" \/><\/figure><\/div><div class=\"swiper-slide\" role=\"group\" aria-roledescription=\"slide\" aria-label=\"17 sur 19\"><figure class=\"swiper-slide-inner\"><img decoding=\"async\" class=\"swiper-slide-image\" src=\"https:\/\/www.ch-dunkerque.fr\/maternite\/wp-content\/uploads\/sites\/3\/2026\/02\/Post-partum-et-AP-v3-768x1086.jpg\" alt=\"Post-partum et AP v3\" \/><\/figure><\/div><div class=\"swiper-slide\" role=\"group\" aria-roledescription=\"slide\" aria-label=\"18 sur 19\"><figure class=\"swiper-slide-inner\"><img decoding=\"async\" class=\"swiper-slide-image\" src=\"https:\/\/www.ch-dunkerque.fr\/maternite\/wp-content\/uploads\/sites\/3\/2026\/03\/Jouer-pour-bien-grandir-768x1086.jpg\" alt=\"Jouer pour bien grandir\" \/><\/figure><\/div><div class=\"swiper-slide\" role=\"group\" aria-roledescription=\"slide\" aria-label=\"19 sur 19\"><figure class=\"swiper-slide-inner\"><img decoding=\"async\" class=\"swiper-slide-image\" src=\"https:\/\/www.ch-dunkerque.fr\/maternite\/wp-content\/uploads\/sites\/3\/2026\/04\/Futurs-parents-venez-bouger-manger-768x1086.jpg\" alt=\"Futurs parents, venez bouger, manger\" \/><\/figure><\/div>\t\t\t<\/div>\n\t\t\t\t\t\t\t\t\t\t\t\t<div class=\"elementor-swiper-button elementor-swiper-button-prev\" role=\"button\" tabindex=\"0\">\n\t\t\t\t\t\t<i aria-hidden=\"true\" class=\"eicon-chevron-left\"><\/i>\t\t\t\t\t<\/div>\n\t\t\t\t\t<div class=\"elementor-swiper-button elementor-swiper-button-next\" role=\"button\" tabindex=\"0\">\n\t\t\t\t\t\t<i aria-hidden=\"true\" class=\"eicon-chevron-right\"><\/i>\t\t\t\t\t<\/div>\n\t\t\t\t\n\t\t\t\t\t\t\t\t\t<div class=\"swiper-pagination\"><\/div>\n\t\t\t\t\t\t\t\t\t<\/div>\n\t\t\t\t\t\t<\/div>\n\t\t\t\t<\/div>\n\t\t\t\t\t<\/div>\n\t\t<\/div>\n\t\t\t\t\t<\/div>\n\t\t<\/section>\n\t\t\t\t<\/div>\n\t\t","protected":false},"excerpt":{"rendered":"<p>C&#8217;est quoi ? Les diff\u00e9rents ateliers Avec qui ? Je m&#8217;inscris C&#8217;est quoi ? Dk\u2019Parentalit\u00e9\u00a0est un r\u00e9seau de pr\u00e9vention regroupant les professionnels d\u2019horizons\u00a0diversifi\u00e9s.\u00a0 Il s\u2019inscrit dans la politique de sant\u00e9 des 1000 premiers jours. Ce collectif r\u00e9unit des organismes diff\u00e9rents\u00a0avec la collaboration de multiples corps de m\u00e9tiers de la p\u00e9rinatalit\u00e9 et de la\u00a0petite enfance\u00a0(hospitaliers, m\u00e9dico-sociaux, [&hellip;]<\/p>\n","protected":false},"author":20,"featured_media":0,"parent":0,"menu_order":0,"comment_status":"closed","ping_status":"closed","template":"","meta":{"_exactmetrics_skip_tracking":false,"_exactmetrics_sitenote_active":false,"_exactmetrics_sitenote_note":"","_exactmetrics_sitenote_category":0,"_genesis_hide_title":false,"_genesis_hide_breadcrumbs":false,"_genesis_hide_singular_image":false,"_genesis_hide_footer_widgets":false,"_genesis_custom_body_class":"","_genesis_custom_post_class":"","_genesis_layout":"","footnotes":""},"class_list":{"0":"post-586","1":"page","2":"type-page","3":"status-publish","5":"entry"},"yoast_head":"<!-- This site is optimized with the Yoast SEO plugin v26.9 - https:\/\/yoast.com\/product\/yoast-seo-wordpress\/ -->\n<title>Le r\u00e9seau local Dk&#039;Parentalit\u00e9 - Mini site Maternit\u00e9<\/title>\n<meta name=\"robots\" content=\"index, follow, max-snippet:-1, max-image-preview:large, max-video-preview:-1\" \/>\n<link rel=\"canonical\" href=\"https:\/\/www.ch-dunkerque.fr\/maternite\/le-reseau-local-dkparentalite\/\" \/>\n<meta property=\"og:locale\" content=\"fr_FR\" \/>\n<meta property=\"og:type\" content=\"article\" \/>\n<meta property=\"og:title\" content=\"Le r\u00e9seau local Dk&#039;Parentalit\u00e9 - Mini site Maternit\u00e9\" \/>\n<meta property=\"og:description\" content=\"C&#8217;est quoi ? Les diff\u00e9rents ateliers Avec qui ? Je m&#8217;inscris C&#8217;est quoi ? Dk\u2019Parentalit\u00e9\u00a0est un r\u00e9seau de pr\u00e9vention regroupant les professionnels d\u2019horizons\u00a0diversifi\u00e9s.\u00a0 Il s\u2019inscrit dans la politique de sant\u00e9 des 1000 premiers jours. Ce collectif r\u00e9unit des organismes diff\u00e9rents\u00a0avec la collaboration de multiples corps de m\u00e9tiers de la p\u00e9rinatalit\u00e9 et de la\u00a0petite enfance\u00a0(hospitaliers, m\u00e9dico-sociaux, [&hellip;]\" \/>\n<meta property=\"og:url\" content=\"https:\/\/www.ch-dunkerque.fr\/maternite\/le-reseau-local-dkparentalite\/\" \/>\n<meta property=\"og:site_name\" content=\"Mini site Maternit\u00e9\" \/>\n<meta property=\"article:modified_time\" content=\"2026-04-09T13:59:29+00:00\" \/>\n<meta property=\"og:image\" content=\"https:\/\/www.ch-dunkerque.fr\/maternite\/wp-content\/uploads\/sites\/3\/2024\/12\/Dk-parentalite-vertical-.jpg\" \/>\n\t<meta property=\"og:image:width\" content=\"353\" \/>\n\t<meta property=\"og:image:height\" content=\"207\" \/>\n\t<meta property=\"og:image:type\" content=\"image\/jpeg\" \/>\n<meta name=\"twitter:card\" content=\"summary_large_image\" \/>\n<meta name=\"twitter:label1\" content=\"Dur\u00e9e de lecture estim\u00e9e\" \/>\n\t<meta name=\"twitter:data1\" content=\"6 minutes\" \/>\n<script type=\"application\/ld+json\" class=\"yoast-schema-graph\">{\"@context\":\"https:\/\/schema.org\",\"@graph\":[{\"@type\":\"WebPage\",\"@id\":\"https:\/\/www.ch-dunkerque.fr\/maternite\/le-reseau-local-dkparentalite\/\",\"url\":\"https:\/\/www.ch-dunkerque.fr\/maternite\/le-reseau-local-dkparentalite\/\",\"name\":\"Le r\u00e9seau local Dk'Parentalit\u00e9 - Mini site Maternit\u00e9\",\"isPartOf\":{\"@id\":\"https:\/\/www.ch-dunkerque.fr\/maternite\/#website\"},\"primaryImageOfPage\":{\"@id\":\"https:\/\/www.ch-dunkerque.fr\/maternite\/le-reseau-local-dkparentalite\/#primaryimage\"},\"image\":{\"@id\":\"https:\/\/www.ch-dunkerque.fr\/maternite\/le-reseau-local-dkparentalite\/#primaryimage\"},\"thumbnailUrl\":\"https:\/\/www.ch-dunkerque.fr\/maternite\/wp-content\/uploads\/sites\/3\/2024\/12\/Dk-parentalite-vertical-.jpg\",\"datePublished\":\"2025-01-10T13:16:02+00:00\",\"dateModified\":\"2026-04-09T13:59:29+00:00\",\"breadcrumb\":{\"@id\":\"https:\/\/www.ch-dunkerque.fr\/maternite\/le-reseau-local-dkparentalite\/#breadcrumb\"},\"inLanguage\":\"fr-FR\",\"potentialAction\":[{\"@type\":\"ReadAction\",\"target\":[\"https:\/\/www.ch-dunkerque.fr\/maternite\/le-reseau-local-dkparentalite\/\"]}]},{\"@type\":\"ImageObject\",\"inLanguage\":\"fr-FR\",\"@id\":\"https:\/\/www.ch-dunkerque.fr\/maternite\/le-reseau-local-dkparentalite\/#primaryimage\",\"url\":\"https:\/\/www.ch-dunkerque.fr\/maternite\/wp-content\/uploads\/sites\/3\/2024\/12\/Dk-parentalite-vertical-.jpg\",\"contentUrl\":\"https:\/\/www.ch-dunkerque.fr\/maternite\/wp-content\/uploads\/sites\/3\/2024\/12\/Dk-parentalite-vertical-.jpg\",\"width\":353,\"height\":207},{\"@type\":\"BreadcrumbList\",\"@id\":\"https:\/\/www.ch-dunkerque.fr\/maternite\/le-reseau-local-dkparentalite\/#breadcrumb\",\"itemListElement\":[{\"@type\":\"ListItem\",\"position\":1,\"name\":\"Accueil\",\"item\":\"https:\/\/www.ch-dunkerque.fr\/maternite\/\"},{\"@type\":\"ListItem\",\"position\":2,\"name\":\"Le r\u00e9seau local Dk&#8217;Parentalit\u00e9\"}]},{\"@type\":\"WebSite\",\"@id\":\"https:\/\/www.ch-dunkerque.fr\/maternite\/#website\",\"url\":\"https:\/\/www.ch-dunkerque.fr\/maternite\/\",\"name\":\"Mini site Maternit\u00e9\",\"description\":\"Un site utilisant Les sites de chdunkerque\",\"potentialAction\":[{\"@type\":\"SearchAction\",\"target\":{\"@type\":\"EntryPoint\",\"urlTemplate\":\"https:\/\/www.ch-dunkerque.fr\/maternite\/?s={search_term_string}\"},\"query-input\":{\"@type\":\"PropertyValueSpecification\",\"valueRequired\":true,\"valueName\":\"search_term_string\"}}],\"inLanguage\":\"fr-FR\"}]}<\/script>\n<!-- \/ Yoast SEO plugin. -->","yoast_head_json":{"title":"Le r\u00e9seau local Dk'Parentalit\u00e9 - Mini site Maternit\u00e9","robots":{"index":"index","follow":"follow","max-snippet":"max-snippet:-1","max-image-preview":"max-image-preview:large","max-video-preview":"max-video-preview:-1"},"canonical":"https:\/\/www.ch-dunkerque.fr\/maternite\/le-reseau-local-dkparentalite\/","og_locale":"fr_FR","og_type":"article","og_title":"Le r\u00e9seau local Dk'Parentalit\u00e9 - Mini site Maternit\u00e9","og_description":"C&#8217;est quoi ? Les diff\u00e9rents ateliers Avec qui ? Je m&#8217;inscris C&#8217;est quoi ? Dk\u2019Parentalit\u00e9\u00a0est un r\u00e9seau de pr\u00e9vention regroupant les professionnels d\u2019horizons\u00a0diversifi\u00e9s.\u00a0 Il s\u2019inscrit dans la politique de sant\u00e9 des 1000 premiers jours. Ce collectif r\u00e9unit des organismes diff\u00e9rents\u00a0avec la collaboration de multiples corps de m\u00e9tiers de la p\u00e9rinatalit\u00e9 et de la\u00a0petite enfance\u00a0(hospitaliers, m\u00e9dico-sociaux, [&hellip;]","og_url":"https:\/\/www.ch-dunkerque.fr\/maternite\/le-reseau-local-dkparentalite\/","og_site_name":"Mini site Maternit\u00e9","article_modified_time":"2026-04-09T13:59:29+00:00","og_image":[{"width":353,"height":207,"url":"https:\/\/www.ch-dunkerque.fr\/maternite\/wp-content\/uploads\/sites\/3\/2024\/12\/Dk-parentalite-vertical-.jpg","type":"image\/jpeg"}],"twitter_card":"summary_large_image","twitter_misc":{"Dur\u00e9e de lecture estim\u00e9e":"6 minutes"},"schema":{"@context":"https:\/\/schema.org","@graph":[{"@type":"WebPage","@id":"https:\/\/www.ch-dunkerque.fr\/maternite\/le-reseau-local-dkparentalite\/","url":"https:\/\/www.ch-dunkerque.fr\/maternite\/le-reseau-local-dkparentalite\/","name":"Le r\u00e9seau local Dk'Parentalit\u00e9 - Mini site Maternit\u00e9","isPartOf":{"@id":"https:\/\/www.ch-dunkerque.fr\/maternite\/#website"},"primaryImageOfPage":{"@id":"https:\/\/www.ch-dunkerque.fr\/maternite\/le-reseau-local-dkparentalite\/#primaryimage"},"image":{"@id":"https:\/\/www.ch-dunkerque.fr\/maternite\/le-reseau-local-dkparentalite\/#primaryimage"},"thumbnailUrl":"https:\/\/www.ch-dunkerque.fr\/maternite\/wp-content\/uploads\/sites\/3\/2024\/12\/Dk-parentalite-vertical-.jpg","datePublished":"2025-01-10T13:16:02+00:00","dateModified":"2026-04-09T13:59:29+00:00","breadcrumb":{"@id":"https:\/\/www.ch-dunkerque.fr\/maternite\/le-reseau-local-dkparentalite\/#breadcrumb"},"inLanguage":"fr-FR","potentialAction":[{"@type":"ReadAction","target":["https:\/\/www.ch-dunkerque.fr\/maternite\/le-reseau-local-dkparentalite\/"]}]},{"@type":"ImageObject","inLanguage":"fr-FR","@id":"https:\/\/www.ch-dunkerque.fr\/maternite\/le-reseau-local-dkparentalite\/#primaryimage","url":"https:\/\/www.ch-dunkerque.fr\/maternite\/wp-content\/uploads\/sites\/3\/2024\/12\/Dk-parentalite-vertical-.jpg","contentUrl":"https:\/\/www.ch-dunkerque.fr\/maternite\/wp-content\/uploads\/sites\/3\/2024\/12\/Dk-parentalite-vertical-.jpg","width":353,"height":207},{"@type":"BreadcrumbList","@id":"https:\/\/www.ch-dunkerque.fr\/maternite\/le-reseau-local-dkparentalite\/#breadcrumb","itemListElement":[{"@type":"ListItem","position":1,"name":"Accueil","item":"https:\/\/www.ch-dunkerque.fr\/maternite\/"},{"@type":"ListItem","position":2,"name":"Le r\u00e9seau local Dk&#8217;Parentalit\u00e9"}]},{"@type":"WebSite","@id":"https:\/\/www.ch-dunkerque.fr\/maternite\/#website","url":"https:\/\/www.ch-dunkerque.fr\/maternite\/","name":"Mini site Maternit\u00e9","description":"Un site utilisant Les sites de chdunkerque","potentialAction":[{"@type":"SearchAction","target":{"@type":"EntryPoint","urlTemplate":"https:\/\/www.ch-dunkerque.fr\/maternite\/?s={search_term_string}"},"query-input":{"@type":"PropertyValueSpecification","valueRequired":true,"valueName":"search_term_string"}}],"inLanguage":"fr-FR"}]}},"_links":{"self":[{"href":"https:\/\/www.ch-dunkerque.fr\/maternite\/wp-json\/wp\/v2\/pages\/586","targetHints":{"allow":["GET"]}}],"collection":[{"href":"https:\/\/www.ch-dunkerque.fr\/maternite\/wp-json\/wp\/v2\/pages"}],"about":[{"href":"https:\/\/www.ch-dunkerque.fr\/maternite\/wp-json\/wp\/v2\/types\/page"}],"author":[{"embeddable":true,"href":"https:\/\/www.ch-dunkerque.fr\/maternite\/wp-json\/wp\/v2\/users\/20"}],"replies":[{"embeddable":true,"href":"https:\/\/www.ch-dunkerque.fr\/maternite\/wp-json\/wp\/v2\/comments?post=586"}],"version-history":[{"count":30,"href":"https:\/\/www.ch-dunkerque.fr\/maternite\/wp-json\/wp\/v2\/pages\/586\/revisions"}],"predecessor-version":[{"id":777,"href":"https:\/\/www.ch-dunkerque.fr\/maternite\/wp-json\/wp\/v2\/pages\/586\/revisions\/777"}],"wp:attachment":[{"href":"https:\/\/www.ch-dunkerque.fr\/maternite\/wp-json\/wp\/v2\/media?parent=586"}],"curies":[{"name":"wp","href":"https:\/\/api.w.org\/{rel}","templated":true}]}}