{"id":112,"date":"2019-05-29T10:16:31","date_gmt":"2019-05-29T08:16:31","guid":{"rendered":"https:\/\/www.ch-dunkerque.fr\/maternite\/?page_id=112"},"modified":"2025-02-04T16:52:01","modified_gmt":"2025-02-04T15:52:01","slug":"la-duree-de-mon-sejour","status":"publish","type":"page","link":"https:\/\/www.ch-dunkerque.fr\/maternite\/mon-sejour-a-la-maternite-angele-barbion\/la-duree-de-mon-sejour\/","title":{"rendered":"La dur\u00e9e de mon s\u00e9jour"},"content":{"rendered":"<p>Vous serez au c\u00f4t\u00e9 de votre enfant 24h\/24.<\/p>\n<p>Le second parent est accueilli 24h\/24.<\/p>\n<p>Les \u00e9quipes veilleront au respect de votre rythme et \u00e0 celui de votre enfant.<\/p>\n<p>Les visites sont autoris\u00e9es de 13h00 \u00e0 20h00. Nous vous conseillons cependant de profiter de votre s\u00e9jour en maternit\u00e9 pour vivre pleinement les premiers jours dans l&#8217;intimit\u00e9 familiale.<\/p>\n<p>La dur\u00e9e de votre s\u00e9jour d\u00e9pend de votre mode d&#8217;accouchement et de votre \u00e9tat de sant\u00e9 ainsi que celui de votre enfant.<\/p>\n<p>La dur\u00e9e pr\u00e9visionnelle de s\u00e9jour est de<strong> 3 jours <\/strong>pour un accouchement normal \u00a0et de <strong>4 jours<\/strong> pour une c\u00e9sarienne.<\/p>\n<p>Un dispositif de <strong>sortie pr\u00e9coce<\/strong> est organis\u00e9 qui vous permet de sortir un jour plus t\u00f4t que la dur\u00e9e standard, dans un cadre bien d\u00e9fini.<\/p>\n<ul>\n<li><a href=\"https:\/\/www.ch-dunkerque.fr\/maternite\/wp-content\/uploads\/sites\/3\/2025\/02\/Imp947-Lettre-dinformation-CHD-sortie-precoce.pdf\">Lettre d&#8217;information sortie pr\u00e9coce<\/a><\/li>\n<\/ul>\n<p>Les sorties se font en g\u00e9n\u00e9ral le matin.<\/p>\n<p>Un accompagnement \u00e0 domicile par une sage-femme lib\u00e9rale ou une sage-femme de PMI dans le cadre du PRADO pr\u00e9coce et standard vous sera propos\u00e9 pendant votre s\u00e9jour.<\/p>\n<h3>Vos interlocuteurs pendant le s\u00e9jour :<\/h3>\n<ul>\n<li>les sages-femmes : vos interlocuteurs privil\u00e9gi\u00e9s, elles ont en charge votre sant\u00e9 et celle de votre b\u00e9b\u00e9.<\/li>\n<li>les gyn\u00e9cologues-obst\u00e9triciens: ils sont les r\u00e9f\u00e9rents en cas de complications post natales 24h\/24.<\/li>\n<li>les p\u00e9diatres : ils assurent les premi\u00e8res visites de votre b\u00e9b\u00e9 et sont pr\u00e9sents 24h\/24 pour assurer sa s\u00e9curit\u00e9<\/li>\n<li>les anesth\u00e9sistes : Ils assurent les suites post op\u00e9ratoires en particulier post c\u00e9sarienne et sont pr\u00e9sents 24h\/24.<\/li>\n<li>la psychologue<\/li>\n<li>les AME (Auxiliaires M\u00e8re-Enfant), elles prennent soin des m\u00e8res et des b\u00e9b\u00e9s et assistent les sages-femmes<\/li>\n<li>les ASH (Agents de Surface Hospitaliers) : elles veillent \u00e0 l&#8217;hygi\u00e8ne des locaux.<\/li>\n<li>les agents administratifs et secr\u00e9taires.<\/li>\n<\/ul>\n<h3>Les \u00e9quipes collaboratrices :<\/h3>\n<ul>\n<li>l&#8217;\u00e9quipe d&#8217;addictologie : pour l&#8217;aide aux personnes en difficult\u00e9 avec un produit (tabac, alcool, drogue&#8230;).<\/li>\n<li>l\u2019EPSM des Flandres : psychologue, psychomotricienne, p\u00e9dopsychiatre pour vous soutenir, si besoin, dans votre parentalit\u00e9.<\/li>\n<li>les conseill\u00e8res de la CPAM pour organiser votre premi\u00e8re consultation \u00e0 domicile et vous mettre en lien avec la sage-femme lib\u00e9rale de votre choix en cas de sortie pr\u00e9coce.<\/li>\n<li>les <a href=\"https:\/\/www.ch-dunkerque.fr\/maternite\/wp-content\/uploads\/sites\/3\/2025\/02\/PLAQUETTE-PMI-A5-paysage-FVDW-05-12-22.pdf\">\u00e9quipes de la PMI<\/a> (Protection Maternelle et Infantile) sont \u00e0 votre disposition pour assurer un suivi ult\u00e9rieur \u00e0 domicile ou dans les antennes d\u00e9di\u00e9es.<\/li>\n<li>les services sociaux, si n\u00e9cessaire, vous aideront dans vos d\u00e9marches administratives.<\/li>\n<li>autres sp\u00e9cialit\u00e9s m\u00e9dicales si n\u00e9cessaire.<\/li>\n<\/ul>\n","protected":false},"excerpt":{"rendered":"<p>Vous serez au c\u00f4t\u00e9 de votre enfant 24h\/24. Le second parent est accueilli 24h\/24. Les \u00e9quipes veilleront au respect de votre rythme et \u00e0 celui de votre enfant. Les visites sont autoris\u00e9es de 13h00 \u00e0 20h00. Nous vous conseillons cependant de profiter de votre s\u00e9jour en maternit\u00e9 pour vivre pleinement les premiers jours dans l&#8217;intimit\u00e9 [&hellip;]<\/p>\n","protected":false},"author":1,"featured_media":371,"parent":96,"menu_order":4,"comment_status":"closed","ping_status":"closed","template":"","meta":{"_exactmetrics_skip_tracking":false,"_exactmetrics_sitenote_active":false,"_exactmetrics_sitenote_note":"","_exactmetrics_sitenote_category":0,"_genesis_hide_title":false,"_genesis_hide_breadcrumbs":false,"_genesis_hide_singular_image":false,"_genesis_hide_footer_widgets":false,"_genesis_custom_body_class":"","_genesis_custom_post_class":"","_genesis_layout":"","footnotes":""},"class_list":{"0":"post-112","1":"page","2":"type-page","3":"status-publish","4":"has-post-thumbnail","6":"entry"},"yoast_head":"<!-- This site is optimized with the Yoast SEO plugin v26.9 - https:\/\/yoast.com\/product\/yoast-seo-wordpress\/ -->\n<title>La dur\u00e9e de mon s\u00e9jour - Mini site Maternit\u00e9<\/title>\n<meta name=\"robots\" content=\"index, follow, max-snippet:-1, max-image-preview:large, max-video-preview:-1\" \/>\n<link rel=\"canonical\" href=\"https:\/\/www.ch-dunkerque.fr\/maternite\/mon-sejour-a-la-maternite-angele-barbion\/la-duree-de-mon-sejour\/\" \/>\n<meta property=\"og:locale\" content=\"fr_FR\" \/>\n<meta property=\"og:type\" content=\"article\" \/>\n<meta property=\"og:title\" content=\"La dur\u00e9e de mon s\u00e9jour - Mini site Maternit\u00e9\" \/>\n<meta property=\"og:description\" content=\"Vous serez au c\u00f4t\u00e9 de votre enfant 24h\/24. Le second parent est accueilli 24h\/24. Les \u00e9quipes veilleront au respect de votre rythme et \u00e0 celui de votre enfant. Les visites sont autoris\u00e9es de 13h00 \u00e0 20h00. Nous vous conseillons cependant de profiter de votre s\u00e9jour en maternit\u00e9 pour vivre pleinement les premiers jours dans l&#8217;intimit\u00e9 [&hellip;]\" \/>\n<meta property=\"og:url\" content=\"https:\/\/www.ch-dunkerque.fr\/maternite\/mon-sejour-a-la-maternite-angele-barbion\/la-duree-de-mon-sejour\/\" \/>\n<meta property=\"og:site_name\" content=\"Mini site Maternit\u00e9\" \/>\n<meta property=\"article:modified_time\" content=\"2025-02-04T15:52:01+00:00\" \/>\n<meta property=\"og:image\" content=\"https:\/\/www.ch-dunkerque.fr\/maternite\/wp-content\/uploads\/sites\/3\/2020\/01\/CH-Dunkerque-3-0507-\u00ae-S-Dhote.jpg\" \/>\n\t<meta property=\"og:image:width\" content=\"5472\" \/>\n\t<meta property=\"og:image:height\" content=\"3648\" \/>\n\t<meta property=\"og:image:type\" content=\"image\/jpeg\" \/>\n<meta name=\"twitter:card\" content=\"summary_large_image\" \/>\n<meta name=\"twitter:label1\" content=\"Dur\u00e9e de lecture estim\u00e9e\" \/>\n\t<meta name=\"twitter:data1\" content=\"3 minutes\" \/>\n<script type=\"application\/ld+json\" class=\"yoast-schema-graph\">{\"@context\":\"https:\/\/schema.org\",\"@graph\":[{\"@type\":\"WebPage\",\"@id\":\"https:\/\/www.ch-dunkerque.fr\/maternite\/mon-sejour-a-la-maternite-angele-barbion\/la-duree-de-mon-sejour\/\",\"url\":\"https:\/\/www.ch-dunkerque.fr\/maternite\/mon-sejour-a-la-maternite-angele-barbion\/la-duree-de-mon-sejour\/\",\"name\":\"La dur\u00e9e de mon s\u00e9jour - Mini site Maternit\u00e9\",\"isPartOf\":{\"@id\":\"https:\/\/www.ch-dunkerque.fr\/maternite\/#website\"},\"primaryImageOfPage\":{\"@id\":\"https:\/\/www.ch-dunkerque.fr\/maternite\/mon-sejour-a-la-maternite-angele-barbion\/la-duree-de-mon-sejour\/#primaryimage\"},\"image\":{\"@id\":\"https:\/\/www.ch-dunkerque.fr\/maternite\/mon-sejour-a-la-maternite-angele-barbion\/la-duree-de-mon-sejour\/#primaryimage\"},\"thumbnailUrl\":\"https:\/\/www.ch-dunkerque.fr\/maternite\/wp-content\/uploads\/sites\/3\/2020\/01\/CH-Dunkerque-3-0507-\u00ae-S-Dhote.jpg\",\"datePublished\":\"2019-05-29T08:16:31+00:00\",\"dateModified\":\"2025-02-04T15:52:01+00:00\",\"breadcrumb\":{\"@id\":\"https:\/\/www.ch-dunkerque.fr\/maternite\/mon-sejour-a-la-maternite-angele-barbion\/la-duree-de-mon-sejour\/#breadcrumb\"},\"inLanguage\":\"fr-FR\",\"potentialAction\":[{\"@type\":\"ReadAction\",\"target\":[\"https:\/\/www.ch-dunkerque.fr\/maternite\/mon-sejour-a-la-maternite-angele-barbion\/la-duree-de-mon-sejour\/\"]}]},{\"@type\":\"ImageObject\",\"inLanguage\":\"fr-FR\",\"@id\":\"https:\/\/www.ch-dunkerque.fr\/maternite\/mon-sejour-a-la-maternite-angele-barbion\/la-duree-de-mon-sejour\/#primaryimage\",\"url\":\"https:\/\/www.ch-dunkerque.fr\/maternite\/wp-content\/uploads\/sites\/3\/2020\/01\/CH-Dunkerque-3-0507-\u00ae-S-Dhote.jpg\",\"contentUrl\":\"https:\/\/www.ch-dunkerque.fr\/maternite\/wp-content\/uploads\/sites\/3\/2020\/01\/CH-Dunkerque-3-0507-\u00ae-S-Dhote.jpg\",\"width\":5472,\"height\":3648},{\"@type\":\"BreadcrumbList\",\"@id\":\"https:\/\/www.ch-dunkerque.fr\/maternite\/mon-sejour-a-la-maternite-angele-barbion\/la-duree-de-mon-sejour\/#breadcrumb\",\"itemListElement\":[{\"@type\":\"ListItem\",\"position\":1,\"name\":\"Accueil\",\"item\":\"https:\/\/www.ch-dunkerque.fr\/maternite\/\"},{\"@type\":\"ListItem\",\"position\":2,\"name\":\"Mon s\u00e9jour\",\"item\":\"https:\/\/www.ch-dunkerque.fr\/maternite\/mon-sejour-a-la-maternite-angele-barbion\/\"},{\"@type\":\"ListItem\",\"position\":3,\"name\":\"La dur\u00e9e de mon s\u00e9jour\"}]},{\"@type\":\"WebSite\",\"@id\":\"https:\/\/www.ch-dunkerque.fr\/maternite\/#website\",\"url\":\"https:\/\/www.ch-dunkerque.fr\/maternite\/\",\"name\":\"Mini site Maternit\u00e9\",\"description\":\"Un site utilisant Les sites de chdunkerque\",\"potentialAction\":[{\"@type\":\"SearchAction\",\"target\":{\"@type\":\"EntryPoint\",\"urlTemplate\":\"https:\/\/www.ch-dunkerque.fr\/maternite\/?s={search_term_string}\"},\"query-input\":{\"@type\":\"PropertyValueSpecification\",\"valueRequired\":true,\"valueName\":\"search_term_string\"}}],\"inLanguage\":\"fr-FR\"}]}<\/script>\n<!-- \/ Yoast SEO plugin. -->","yoast_head_json":{"title":"La dur\u00e9e de mon s\u00e9jour - Mini site Maternit\u00e9","robots":{"index":"index","follow":"follow","max-snippet":"max-snippet:-1","max-image-preview":"max-image-preview:large","max-video-preview":"max-video-preview:-1"},"canonical":"https:\/\/www.ch-dunkerque.fr\/maternite\/mon-sejour-a-la-maternite-angele-barbion\/la-duree-de-mon-sejour\/","og_locale":"fr_FR","og_type":"article","og_title":"La dur\u00e9e de mon s\u00e9jour - Mini site Maternit\u00e9","og_description":"Vous serez au c\u00f4t\u00e9 de votre enfant 24h\/24. Le second parent est accueilli 24h\/24. Les \u00e9quipes veilleront au respect de votre rythme et \u00e0 celui de votre enfant. Les visites sont autoris\u00e9es de 13h00 \u00e0 20h00. Nous vous conseillons cependant de profiter de votre s\u00e9jour en maternit\u00e9 pour vivre pleinement les premiers jours dans l&#8217;intimit\u00e9 [&hellip;]","og_url":"https:\/\/www.ch-dunkerque.fr\/maternite\/mon-sejour-a-la-maternite-angele-barbion\/la-duree-de-mon-sejour\/","og_site_name":"Mini site Maternit\u00e9","article_modified_time":"2025-02-04T15:52:01+00:00","og_image":[{"width":5472,"height":3648,"url":"https:\/\/www.ch-dunkerque.fr\/maternite\/wp-content\/uploads\/sites\/3\/2020\/01\/CH-Dunkerque-3-0507-\u00ae-S-Dhote.jpg","type":"image\/jpeg"}],"twitter_card":"summary_large_image","twitter_misc":{"Dur\u00e9e de lecture estim\u00e9e":"3 minutes"},"schema":{"@context":"https:\/\/schema.org","@graph":[{"@type":"WebPage","@id":"https:\/\/www.ch-dunkerque.fr\/maternite\/mon-sejour-a-la-maternite-angele-barbion\/la-duree-de-mon-sejour\/","url":"https:\/\/www.ch-dunkerque.fr\/maternite\/mon-sejour-a-la-maternite-angele-barbion\/la-duree-de-mon-sejour\/","name":"La dur\u00e9e de mon s\u00e9jour - Mini site Maternit\u00e9","isPartOf":{"@id":"https:\/\/www.ch-dunkerque.fr\/maternite\/#website"},"primaryImageOfPage":{"@id":"https:\/\/www.ch-dunkerque.fr\/maternite\/mon-sejour-a-la-maternite-angele-barbion\/la-duree-de-mon-sejour\/#primaryimage"},"image":{"@id":"https:\/\/www.ch-dunkerque.fr\/maternite\/mon-sejour-a-la-maternite-angele-barbion\/la-duree-de-mon-sejour\/#primaryimage"},"thumbnailUrl":"https:\/\/www.ch-dunkerque.fr\/maternite\/wp-content\/uploads\/sites\/3\/2020\/01\/CH-Dunkerque-3-0507-\u00ae-S-Dhote.jpg","datePublished":"2019-05-29T08:16:31+00:00","dateModified":"2025-02-04T15:52:01+00:00","breadcrumb":{"@id":"https:\/\/www.ch-dunkerque.fr\/maternite\/mon-sejour-a-la-maternite-angele-barbion\/la-duree-de-mon-sejour\/#breadcrumb"},"inLanguage":"fr-FR","potentialAction":[{"@type":"ReadAction","target":["https:\/\/www.ch-dunkerque.fr\/maternite\/mon-sejour-a-la-maternite-angele-barbion\/la-duree-de-mon-sejour\/"]}]},{"@type":"ImageObject","inLanguage":"fr-FR","@id":"https:\/\/www.ch-dunkerque.fr\/maternite\/mon-sejour-a-la-maternite-angele-barbion\/la-duree-de-mon-sejour\/#primaryimage","url":"https:\/\/www.ch-dunkerque.fr\/maternite\/wp-content\/uploads\/sites\/3\/2020\/01\/CH-Dunkerque-3-0507-\u00ae-S-Dhote.jpg","contentUrl":"https:\/\/www.ch-dunkerque.fr\/maternite\/wp-content\/uploads\/sites\/3\/2020\/01\/CH-Dunkerque-3-0507-\u00ae-S-Dhote.jpg","width":5472,"height":3648},{"@type":"BreadcrumbList","@id":"https:\/\/www.ch-dunkerque.fr\/maternite\/mon-sejour-a-la-maternite-angele-barbion\/la-duree-de-mon-sejour\/#breadcrumb","itemListElement":[{"@type":"ListItem","position":1,"name":"Accueil","item":"https:\/\/www.ch-dunkerque.fr\/maternite\/"},{"@type":"ListItem","position":2,"name":"Mon s\u00e9jour","item":"https:\/\/www.ch-dunkerque.fr\/maternite\/mon-sejour-a-la-maternite-angele-barbion\/"},{"@type":"ListItem","position":3,"name":"La dur\u00e9e de mon s\u00e9jour"}]},{"@type":"WebSite","@id":"https:\/\/www.ch-dunkerque.fr\/maternite\/#website","url":"https:\/\/www.ch-dunkerque.fr\/maternite\/","name":"Mini site Maternit\u00e9","description":"Un site utilisant Les sites de chdunkerque","potentialAction":[{"@type":"SearchAction","target":{"@type":"EntryPoint","urlTemplate":"https:\/\/www.ch-dunkerque.fr\/maternite\/?s={search_term_string}"},"query-input":{"@type":"PropertyValueSpecification","valueRequired":true,"valueName":"search_term_string"}}],"inLanguage":"fr-FR"}]}},"_links":{"self":[{"href":"https:\/\/www.ch-dunkerque.fr\/maternite\/wp-json\/wp\/v2\/pages\/112","targetHints":{"allow":["GET"]}}],"collection":[{"href":"https:\/\/www.ch-dunkerque.fr\/maternite\/wp-json\/wp\/v2\/pages"}],"about":[{"href":"https:\/\/www.ch-dunkerque.fr\/maternite\/wp-json\/wp\/v2\/types\/page"}],"author":[{"embeddable":true,"href":"https:\/\/www.ch-dunkerque.fr\/maternite\/wp-json\/wp\/v2\/users\/1"}],"replies":[{"embeddable":true,"href":"https:\/\/www.ch-dunkerque.fr\/maternite\/wp-json\/wp\/v2\/comments?post=112"}],"version-history":[{"count":13,"href":"https:\/\/www.ch-dunkerque.fr\/maternite\/wp-json\/wp\/v2\/pages\/112\/revisions"}],"predecessor-version":[{"id":718,"href":"https:\/\/www.ch-dunkerque.fr\/maternite\/wp-json\/wp\/v2\/pages\/112\/revisions\/718"}],"up":[{"embeddable":true,"href":"https:\/\/www.ch-dunkerque.fr\/maternite\/wp-json\/wp\/v2\/pages\/96"}],"wp:featuredmedia":[{"embeddable":true,"href":"https:\/\/www.ch-dunkerque.fr\/maternite\/wp-json\/wp\/v2\/media\/371"}],"wp:attachment":[{"href":"https:\/\/www.ch-dunkerque.fr\/maternite\/wp-json\/wp\/v2\/media?parent=112"}],"curies":[{"name":"wp","href":"https:\/\/api.w.org\/{rel}","templated":true}]}}