{"id":163,"date":"2021-01-13T09:55:18","date_gmt":"2021-01-13T08:55:18","guid":{"rendered":"https:\/\/www.ch-dunkerque.fr\/ifs\/?page_id=163"},"modified":"2026-01-16T16:19:43","modified_gmt":"2026-01-16T15:19:43","slug":"les-frais-de-formation","status":"publish","type":"page","link":"https:\/\/www.ch-dunkerque.fr\/ifs\/nos-formations\/aide-soignant\/les-frais-de-formation\/","title":{"rendered":"Les frais de scolarit\u00e9"},"content":{"rendered":"<p><span style=\"color: #000000\">A titre indicatif, le tarif pour janvier 2026 : 7 140 \u20ac pour la formation compl\u00e8te\u00a0<\/span><\/p>\n<p><span style=\"color: #000000\">Pris en charge par la r\u00e9gion Hauts de France sous condition d&#8217;\u00e9ligibilit\u00e9<\/span><\/p>\n<p><span style=\"color: #000000\">Formation \u00e9ligible au projet de transition professionnelle<\/span><\/p>\n","protected":false},"excerpt":{"rendered":"<p>A titre indicatif, le tarif pour janvier 2026 : 7 140 \u20ac pour la formation compl\u00e8te\u00a0 Pris en charge par la r\u00e9gion Hauts de France sous condition d&#8217;\u00e9ligibilit\u00e9 Formation \u00e9ligible au projet de transition professionnelle<\/p>\n","protected":false},"author":13,"featured_media":0,"parent":142,"menu_order":0,"comment_status":"closed","ping_status":"closed","template":"","meta":{"_exactmetrics_skip_tracking":false,"_exactmetrics_sitenote_active":false,"_exactmetrics_sitenote_note":"","_exactmetrics_sitenote_category":0,"_genesis_hide_title":false,"_genesis_hide_breadcrumbs":false,"_genesis_hide_singular_image":false,"_genesis_hide_footer_widgets":false,"_genesis_custom_body_class":"","_genesis_custom_post_class":"","_genesis_layout":"","footnotes":""},"class_list":{"0":"post-163","1":"page","2":"type-page","3":"status-publish","5":"entry"},"yoast_head":"<!-- This site is optimized with the Yoast SEO plugin v26.9 - https:\/\/yoast.com\/product\/yoast-seo-wordpress\/ -->\n<title>Les frais de scolarit\u00e9 - Institut de Formation en Sant\u00e9 du CHD<\/title>\n<meta name=\"robots\" content=\"index, follow, max-snippet:-1, max-image-preview:large, max-video-preview:-1\" \/>\n<link rel=\"canonical\" href=\"https:\/\/www.ch-dunkerque.fr\/ifs\/nos-formations\/aide-soignant\/les-frais-de-formation\/\" \/>\n<meta property=\"og:locale\" content=\"fr_FR\" \/>\n<meta property=\"og:type\" content=\"article\" \/>\n<meta property=\"og:title\" content=\"Les frais de scolarit\u00e9 - Institut de Formation en Sant\u00e9 du CHD\" \/>\n<meta property=\"og:description\" content=\"A titre indicatif, le tarif pour janvier 2026 : 7 140 \u20ac pour la formation compl\u00e8te\u00a0 Pris en charge par la r\u00e9gion Hauts de France sous condition d&#8217;\u00e9ligibilit\u00e9 Formation \u00e9ligible au projet de transition professionnelle\" \/>\n<meta property=\"og:url\" content=\"https:\/\/www.ch-dunkerque.fr\/ifs\/nos-formations\/aide-soignant\/les-frais-de-formation\/\" \/>\n<meta property=\"og:site_name\" content=\"Institut de Formation en Sant\u00e9 du CHD\" \/>\n<meta property=\"article:modified_time\" content=\"2026-01-16T15:19:43+00:00\" \/>\n<meta name=\"twitter:card\" content=\"summary_large_image\" \/>\n<meta name=\"twitter:label1\" content=\"Dur\u00e9e de lecture estim\u00e9e\" \/>\n\t<meta name=\"twitter:data1\" content=\"1 minute\" \/>\n<script type=\"application\/ld+json\" class=\"yoast-schema-graph\">{\"@context\":\"https:\/\/schema.org\",\"@graph\":[{\"@type\":\"WebPage\",\"@id\":\"https:\/\/www.ch-dunkerque.fr\/ifs\/nos-formations\/aide-soignant\/les-frais-de-formation\/\",\"url\":\"https:\/\/www.ch-dunkerque.fr\/ifs\/nos-formations\/aide-soignant\/les-frais-de-formation\/\",\"name\":\"Les frais de scolarit\u00e9 - Institut de Formation en Sant\u00e9 du CHD\",\"isPartOf\":{\"@id\":\"https:\/\/www.ch-dunkerque.fr\/ifs\/#website\"},\"datePublished\":\"2021-01-13T08:55:18+00:00\",\"dateModified\":\"2026-01-16T15:19:43+00:00\",\"breadcrumb\":{\"@id\":\"https:\/\/www.ch-dunkerque.fr\/ifs\/nos-formations\/aide-soignant\/les-frais-de-formation\/#breadcrumb\"},\"inLanguage\":\"fr-FR\",\"potentialAction\":[{\"@type\":\"ReadAction\",\"target\":[\"https:\/\/www.ch-dunkerque.fr\/ifs\/nos-formations\/aide-soignant\/les-frais-de-formation\/\"]}]},{\"@type\":\"BreadcrumbList\",\"@id\":\"https:\/\/www.ch-dunkerque.fr\/ifs\/nos-formations\/aide-soignant\/les-frais-de-formation\/#breadcrumb\",\"itemListElement\":[{\"@type\":\"ListItem\",\"position\":1,\"name\":\"Accueil\",\"item\":\"https:\/\/www.ch-dunkerque.fr\/ifs\/\"},{\"@type\":\"ListItem\",\"position\":2,\"name\":\"Nos formations\",\"item\":\"https:\/\/www.ch-dunkerque.fr\/ifs\/nos-formations\/\"},{\"@type\":\"ListItem\",\"position\":3,\"name\":\"Aide-soignant\",\"item\":\"https:\/\/www.ch-dunkerque.fr\/ifs\/nos-formations\/aide-soignant\/\"},{\"@type\":\"ListItem\",\"position\":4,\"name\":\"Les frais de scolarit\u00e9\"}]},{\"@type\":\"WebSite\",\"@id\":\"https:\/\/www.ch-dunkerque.fr\/ifs\/#website\",\"url\":\"https:\/\/www.ch-dunkerque.fr\/ifs\/\",\"name\":\"Institut de Formation en Sant\u00e9 du CHD\",\"description\":\"Un site utilisant Les sites de chdunkerque\",\"potentialAction\":[{\"@type\":\"SearchAction\",\"target\":{\"@type\":\"EntryPoint\",\"urlTemplate\":\"https:\/\/www.ch-dunkerque.fr\/ifs\/?s={search_term_string}\"},\"query-input\":{\"@type\":\"PropertyValueSpecification\",\"valueRequired\":true,\"valueName\":\"search_term_string\"}}],\"inLanguage\":\"fr-FR\"}]}<\/script>\n<!-- \/ Yoast SEO plugin. -->","yoast_head_json":{"title":"Les frais de scolarit\u00e9 - Institut de Formation en Sant\u00e9 du CHD","robots":{"index":"index","follow":"follow","max-snippet":"max-snippet:-1","max-image-preview":"max-image-preview:large","max-video-preview":"max-video-preview:-1"},"canonical":"https:\/\/www.ch-dunkerque.fr\/ifs\/nos-formations\/aide-soignant\/les-frais-de-formation\/","og_locale":"fr_FR","og_type":"article","og_title":"Les frais de scolarit\u00e9 - Institut de Formation en Sant\u00e9 du CHD","og_description":"A titre indicatif, le tarif pour janvier 2026 : 7 140 \u20ac pour la formation compl\u00e8te\u00a0 Pris en charge par la r\u00e9gion Hauts de France sous condition d&#8217;\u00e9ligibilit\u00e9 Formation \u00e9ligible au projet de transition professionnelle","og_url":"https:\/\/www.ch-dunkerque.fr\/ifs\/nos-formations\/aide-soignant\/les-frais-de-formation\/","og_site_name":"Institut de Formation en Sant\u00e9 du CHD","article_modified_time":"2026-01-16T15:19:43+00:00","twitter_card":"summary_large_image","twitter_misc":{"Dur\u00e9e de lecture estim\u00e9e":"1 minute"},"schema":{"@context":"https:\/\/schema.org","@graph":[{"@type":"WebPage","@id":"https:\/\/www.ch-dunkerque.fr\/ifs\/nos-formations\/aide-soignant\/les-frais-de-formation\/","url":"https:\/\/www.ch-dunkerque.fr\/ifs\/nos-formations\/aide-soignant\/les-frais-de-formation\/","name":"Les frais de scolarit\u00e9 - Institut de Formation en Sant\u00e9 du CHD","isPartOf":{"@id":"https:\/\/www.ch-dunkerque.fr\/ifs\/#website"},"datePublished":"2021-01-13T08:55:18+00:00","dateModified":"2026-01-16T15:19:43+00:00","breadcrumb":{"@id":"https:\/\/www.ch-dunkerque.fr\/ifs\/nos-formations\/aide-soignant\/les-frais-de-formation\/#breadcrumb"},"inLanguage":"fr-FR","potentialAction":[{"@type":"ReadAction","target":["https:\/\/www.ch-dunkerque.fr\/ifs\/nos-formations\/aide-soignant\/les-frais-de-formation\/"]}]},{"@type":"BreadcrumbList","@id":"https:\/\/www.ch-dunkerque.fr\/ifs\/nos-formations\/aide-soignant\/les-frais-de-formation\/#breadcrumb","itemListElement":[{"@type":"ListItem","position":1,"name":"Accueil","item":"https:\/\/www.ch-dunkerque.fr\/ifs\/"},{"@type":"ListItem","position":2,"name":"Nos formations","item":"https:\/\/www.ch-dunkerque.fr\/ifs\/nos-formations\/"},{"@type":"ListItem","position":3,"name":"Aide-soignant","item":"https:\/\/www.ch-dunkerque.fr\/ifs\/nos-formations\/aide-soignant\/"},{"@type":"ListItem","position":4,"name":"Les frais de scolarit\u00e9"}]},{"@type":"WebSite","@id":"https:\/\/www.ch-dunkerque.fr\/ifs\/#website","url":"https:\/\/www.ch-dunkerque.fr\/ifs\/","name":"Institut de Formation en Sant\u00e9 du CHD","description":"Un site utilisant Les sites de chdunkerque","potentialAction":[{"@type":"SearchAction","target":{"@type":"EntryPoint","urlTemplate":"https:\/\/www.ch-dunkerque.fr\/ifs\/?s={search_term_string}"},"query-input":{"@type":"PropertyValueSpecification","valueRequired":true,"valueName":"search_term_string"}}],"inLanguage":"fr-FR"}]}},"_links":{"self":[{"href":"https:\/\/www.ch-dunkerque.fr\/ifs\/wp-json\/wp\/v2\/pages\/163","targetHints":{"allow":["GET"]}}],"collection":[{"href":"https:\/\/www.ch-dunkerque.fr\/ifs\/wp-json\/wp\/v2\/pages"}],"about":[{"href":"https:\/\/www.ch-dunkerque.fr\/ifs\/wp-json\/wp\/v2\/types\/page"}],"author":[{"embeddable":true,"href":"https:\/\/www.ch-dunkerque.fr\/ifs\/wp-json\/wp\/v2\/users\/13"}],"replies":[{"embeddable":true,"href":"https:\/\/www.ch-dunkerque.fr\/ifs\/wp-json\/wp\/v2\/comments?post=163"}],"version-history":[{"count":11,"href":"https:\/\/www.ch-dunkerque.fr\/ifs\/wp-json\/wp\/v2\/pages\/163\/revisions"}],"predecessor-version":[{"id":1438,"href":"https:\/\/www.ch-dunkerque.fr\/ifs\/wp-json\/wp\/v2\/pages\/163\/revisions\/1438"}],"up":[{"embeddable":true,"href":"https:\/\/www.ch-dunkerque.fr\/ifs\/wp-json\/wp\/v2\/pages\/142"}],"wp:attachment":[{"href":"https:\/\/www.ch-dunkerque.fr\/ifs\/wp-json\/wp\/v2\/media?parent=163"}],"curies":[{"name":"wp","href":"https:\/\/api.w.org\/{rel}","templated":true}]}}