{"id":152,"date":"2020-12-08T10:35:55","date_gmt":"2020-12-08T09:35:55","guid":{"rendered":"https:\/\/www.ch-dunkerque.fr\/ifs\/?page_id=152"},"modified":"2026-01-20T15:57:44","modified_gmt":"2026-01-20T14:57:44","slug":"acces-a-la-formation","status":"publish","type":"page","link":"https:\/\/www.ch-dunkerque.fr\/ifs\/nos-formations\/infirmier\/acces-a-la-formation\/","title":{"rendered":"Acc\u00e8s \u00e0 la formation"},"content":{"rendered":"<h2>FORMATION INITIALE :<\/h2>\n<p><span style=\"color: #000000\">Public et pr\u00e9requis : <\/span><\/p>\n<p><span style=\"color: #000000\">Pour acc\u00e9der \u00e0 la formation infirmi\u00e8re par la voie de parcoursup, le candidat doit : <\/span><\/p>\n<ul>\n<li><span style=\"color: #000000\">\u00eatre \u00e2g\u00e9 de 17 ans au moins au 31 d\u00e9cembre de l&#8217;ann\u00e9e en entr\u00e9e en formation<\/span><\/li>\n<li><span style=\"color: #000000\">candidats titulaires du baccalaur\u00e9at ou de l&#8217;\u00e9quivalence de ce dipl\u00f4me<\/span><\/li>\n<\/ul>\n<p><span style=\"color: #000000\">Les futurs bacheliers, bacheliers en r\u00e9orientation, candidats \u00e9trangers bacheliers : examen des dossiers d\u00e9pos\u00e9s sur la plateforme<\/span> <a href=\"https:\/\/www.parcoursup.fr\/\">PARCOURSUP<\/a> (rapport public 2025 <a href=\"https:\/\/www.ch-dunkerque.fr\/ifs\/wp-content\/uploads\/sites\/4\/2025\/10\/Rapport-public-2025.pdf\">ici<\/a>)<\/p>\n<p><img fetchpriority=\"high\" decoding=\"async\" class=\"wp-image-1315 size-full aligncenter\" src=\"https:\/\/www.ch-dunkerque.fr\/ifs\/wp-content\/uploads\/sites\/4\/2025\/11\/Calendrier-Parcoursup.png\" alt=\"\" width=\"615\" height=\"768\" srcset=\"https:\/\/www.ch-dunkerque.fr\/ifs\/wp-content\/uploads\/sites\/4\/2025\/11\/Calendrier-Parcoursup.png 615w, https:\/\/www.ch-dunkerque.fr\/ifs\/wp-content\/uploads\/sites\/4\/2025\/11\/Calendrier-Parcoursup-240x300.png 240w\" sizes=\"(max-width: 615px) 100vw, 615px\" \/><\/p>\n<h2>FORMATION PROFESSIONNELLE CONTINUE :<\/h2>\n<p><span style=\"color: #000000\">Public et pr\u00e9requis :<\/span><\/p>\n<p><span style=\"color: #000000\">Pour acc\u00e9der \u00e0 la formation infirmi\u00e8re par la voie de la formation professionnelle continue, le candidat doit :<\/span><\/p>\n<ul>\n<li><span style=\"color: #000000\">\u00catre \u00e2g\u00e9 de 17 ans au moins au 31 d\u00e9cembre de l\u2019ann\u00e9e d\u2019entr\u00e9e en formation<\/span><\/li>\n<\/ul>\n<p><span style=\"color: #000000\">R\u00e9pondre \u00e0 l\u2019une des conditions suivantes :<\/span><\/p>\n<ul>\n<li><span style=\"color: #000000\">Candidats titulaires du baccalaur\u00e9at ou de l\u2019\u00e9quivalence de ce dipl\u00f4me<\/span><\/li>\n<li><span style=\"color: #000000\">Candidat relevant de la formation professionnelle continue, justifiant d\u2019au moins de 3 ans de cotisation \u00e0 un r\u00e9gime de protection <\/span><span style=\"color: #000000\">sociale \u00e0 la date d\u2019inscription aux \u00e9preuves de s\u00e9lection.<\/span><\/li>\n<\/ul>\n<p><span style=\"color: #000000\">Les \u00e9preuves de s\u00e9lection sont au nombre de deux :<\/span><\/p>\n<p><span style=\"color: #000000\">&#8211; Un entretien oral qui s\u2019appuie sur la remise d\u2019un dossier permettant au jury d\u2019appr\u00e9cier la motivation du candidat ainsi que ses capacit\u00e9s \u00e0 valoriser son exp\u00e9rience professionnelle,<\/span><\/p>\n<p><span style=\"color: #000000\">&#8211; Une \u00e9preuve \u00e9crite<\/span><\/p>\n<p><span style=\"color: #000000\">T\u00e9l\u00e9chargement : <a href=\"https:\/\/www.ch-dunkerque.fr\/ifs\/wp-content\/uploads\/sites\/4\/2025\/10\/DOSSIER-DINSCRIPTION-FPC-2026.pdf\">DOSSIER D&#8217;INSCRIPTION FPC 2026<\/a><\/span><\/p>\n<p><span style=\"color: #000000\">Cl\u00f4ture des inscriptions : 14 Janvier 2026 &#8211; 23h59<br \/>\n<\/span><\/p>\n<ul>\n<li>\n<h3><span style=\"color: #000000\">Parcours sp\u00e9cifique d&#8217;acc\u00e8s en 2e ann\u00e9e de formation pour les aides-soignants exp\u00e9riment\u00e9s :\u00a0<\/span><\/h3>\n<\/li>\n<\/ul>\n<p><span style=\"color: #000000\">Ce dispositif, propos\u00e9 dans certains IFSI du Nord et du Pas-de-Calais, permet aux aides-soignants justifiant d\u2019au moins 3 ans d\u2019exercice \u00e0 temps plein et titulaires de l\u2019AFGSU niveau 2, d\u2019int\u00e9grer directement la 2\u1d49 ann\u00e9e de formation infirmi\u00e8re apr\u00e8s un parcours de 3 mois (mars \u00e0 juillet).<\/span><\/p>\n<p><span style=\"color: #000000\">L\u2019entr\u00e9e dans ce parcours est soumise \u00e0 la r\u00e9ussite de la s\u00e9lection FPC, \u00e0 l\u2019accord de l\u2019employeur et \u00e0 un engagement \u00e9crit du candidat. <\/span><span style=\"color: #000000\">Les sessions de ce parcours, limit\u00e9es \u00e0 10-15 candidats, se d\u00e9roulent dans un IFSI partenaire. <\/span><span style=\"color: #000000\">En cas d\u2019\u00e9chec ou d\u2019absence de validation apr\u00e8s le parcours, l\u2019entr\u00e9e se fait en 1\u02b3\u1d49 ann\u00e9e.<\/span><\/p>\n<p><a href=\"https:\/\/www.legifrance.gouv.fr\/jorf\/id\/JORFTEXT000047784162\">https:\/\/www.legifrance.gouv.fr\/jorf\/id\/JORFTEXT000047784162<\/a><\/p>\n","protected":false},"excerpt":{"rendered":"<p>FORMATION INITIALE : Public et pr\u00e9requis : Pour acc\u00e9der \u00e0 la formation infirmi\u00e8re par la voie de parcoursup, le candidat doit : \u00eatre \u00e2g\u00e9 de 17 ans au moins au 31 d\u00e9cembre de l&#8217;ann\u00e9e en entr\u00e9e en formation candidats titulaires du baccalaur\u00e9at ou de l&#8217;\u00e9quivalence de ce dipl\u00f4me Les futurs bacheliers, bacheliers en r\u00e9orientation, candidats [&hellip;]<\/p>\n","protected":false},"author":13,"featured_media":0,"parent":140,"menu_order":0,"comment_status":"closed","ping_status":"closed","template":"","meta":{"_exactmetrics_skip_tracking":false,"_exactmetrics_sitenote_active":false,"_exactmetrics_sitenote_note":"","_exactmetrics_sitenote_category":0,"_genesis_hide_title":false,"_genesis_hide_breadcrumbs":false,"_genesis_hide_singular_image":false,"_genesis_hide_footer_widgets":false,"_genesis_custom_body_class":"","_genesis_custom_post_class":"","_genesis_layout":"","footnotes":""},"class_list":{"0":"post-152","1":"page","2":"type-page","3":"status-publish","5":"entry"},"yoast_head":"<!-- This site is optimized with the Yoast SEO plugin v26.9 - https:\/\/yoast.com\/product\/yoast-seo-wordpress\/ -->\n<title>Acc\u00e8s \u00e0 la formation - Institut de Formation en Sant\u00e9 du CHD<\/title>\n<meta name=\"robots\" content=\"index, follow, max-snippet:-1, max-image-preview:large, max-video-preview:-1\" \/>\n<link rel=\"canonical\" href=\"https:\/\/www.ch-dunkerque.fr\/ifs\/nos-formations\/infirmier\/acces-a-la-formation\/\" \/>\n<meta property=\"og:locale\" content=\"fr_FR\" \/>\n<meta property=\"og:type\" content=\"article\" \/>\n<meta property=\"og:title\" content=\"Acc\u00e8s \u00e0 la formation - Institut de Formation en Sant\u00e9 du CHD\" \/>\n<meta property=\"og:description\" content=\"FORMATION INITIALE : Public et pr\u00e9requis : Pour acc\u00e9der \u00e0 la formation infirmi\u00e8re par la voie de parcoursup, le candidat doit : \u00eatre \u00e2g\u00e9 de 17 ans au moins au 31 d\u00e9cembre de l&#8217;ann\u00e9e en entr\u00e9e en formation candidats titulaires du baccalaur\u00e9at ou de l&#8217;\u00e9quivalence de ce dipl\u00f4me Les futurs bacheliers, bacheliers en r\u00e9orientation, candidats [&hellip;]\" \/>\n<meta property=\"og:url\" content=\"https:\/\/www.ch-dunkerque.fr\/ifs\/nos-formations\/infirmier\/acces-a-la-formation\/\" \/>\n<meta property=\"og:site_name\" content=\"Institut de Formation en Sant\u00e9 du CHD\" \/>\n<meta property=\"article:modified_time\" content=\"2026-01-20T14:57:44+00:00\" \/>\n<meta property=\"og:image\" content=\"https:\/\/www.ch-dunkerque.fr\/ifs\/wp-content\/uploads\/sites\/4\/2025\/11\/Calendrier-Parcoursup.png\" \/>\n\t<meta property=\"og:image:width\" content=\"615\" \/>\n\t<meta property=\"og:image:height\" content=\"768\" \/>\n\t<meta property=\"og:image:type\" content=\"image\/png\" \/>\n<meta name=\"twitter:card\" content=\"summary_large_image\" \/>\n<meta name=\"twitter:label1\" content=\"Dur\u00e9e de lecture estim\u00e9e\" \/>\n\t<meta name=\"twitter:data1\" content=\"2 minutes\" \/>\n<script type=\"application\/ld+json\" class=\"yoast-schema-graph\">{\"@context\":\"https:\/\/schema.org\",\"@graph\":[{\"@type\":\"WebPage\",\"@id\":\"https:\/\/www.ch-dunkerque.fr\/ifs\/nos-formations\/infirmier\/acces-a-la-formation\/\",\"url\":\"https:\/\/www.ch-dunkerque.fr\/ifs\/nos-formations\/infirmier\/acces-a-la-formation\/\",\"name\":\"Acc\u00e8s \u00e0 la formation - Institut de Formation en Sant\u00e9 du CHD\",\"isPartOf\":{\"@id\":\"https:\/\/www.ch-dunkerque.fr\/ifs\/#website\"},\"primaryImageOfPage\":{\"@id\":\"https:\/\/www.ch-dunkerque.fr\/ifs\/nos-formations\/infirmier\/acces-a-la-formation\/#primaryimage\"},\"image\":{\"@id\":\"https:\/\/www.ch-dunkerque.fr\/ifs\/nos-formations\/infirmier\/acces-a-la-formation\/#primaryimage\"},\"thumbnailUrl\":\"https:\/\/www.ch-dunkerque.fr\/ifs\/wp-content\/uploads\/sites\/4\/2025\/11\/Calendrier-Parcoursup.png\",\"datePublished\":\"2020-12-08T09:35:55+00:00\",\"dateModified\":\"2026-01-20T14:57:44+00:00\",\"breadcrumb\":{\"@id\":\"https:\/\/www.ch-dunkerque.fr\/ifs\/nos-formations\/infirmier\/acces-a-la-formation\/#breadcrumb\"},\"inLanguage\":\"fr-FR\",\"potentialAction\":[{\"@type\":\"ReadAction\",\"target\":[\"https:\/\/www.ch-dunkerque.fr\/ifs\/nos-formations\/infirmier\/acces-a-la-formation\/\"]}]},{\"@type\":\"ImageObject\",\"inLanguage\":\"fr-FR\",\"@id\":\"https:\/\/www.ch-dunkerque.fr\/ifs\/nos-formations\/infirmier\/acces-a-la-formation\/#primaryimage\",\"url\":\"https:\/\/www.ch-dunkerque.fr\/ifs\/wp-content\/uploads\/sites\/4\/2025\/11\/Calendrier-Parcoursup.png\",\"contentUrl\":\"https:\/\/www.ch-dunkerque.fr\/ifs\/wp-content\/uploads\/sites\/4\/2025\/11\/Calendrier-Parcoursup.png\",\"width\":615,\"height\":768},{\"@type\":\"BreadcrumbList\",\"@id\":\"https:\/\/www.ch-dunkerque.fr\/ifs\/nos-formations\/infirmier\/acces-a-la-formation\/#breadcrumb\",\"itemListElement\":[{\"@type\":\"ListItem\",\"position\":1,\"name\":\"Accueil\",\"item\":\"https:\/\/www.ch-dunkerque.fr\/ifs\/\"},{\"@type\":\"ListItem\",\"position\":2,\"name\":\"Nos formations\",\"item\":\"https:\/\/www.ch-dunkerque.fr\/ifs\/nos-formations\/\"},{\"@type\":\"ListItem\",\"position\":3,\"name\":\"Infirmier\",\"item\":\"https:\/\/www.ch-dunkerque.fr\/ifs\/nos-formations\/infirmier\/\"},{\"@type\":\"ListItem\",\"position\":4,\"name\":\"Acc\u00e8s \u00e0 la formation\"}]},{\"@type\":\"WebSite\",\"@id\":\"https:\/\/www.ch-dunkerque.fr\/ifs\/#website\",\"url\":\"https:\/\/www.ch-dunkerque.fr\/ifs\/\",\"name\":\"Institut de Formation en Sant\u00e9 du CHD\",\"description\":\"Un site utilisant Les sites de chdunkerque\",\"potentialAction\":[{\"@type\":\"SearchAction\",\"target\":{\"@type\":\"EntryPoint\",\"urlTemplate\":\"https:\/\/www.ch-dunkerque.fr\/ifs\/?s={search_term_string}\"},\"query-input\":{\"@type\":\"PropertyValueSpecification\",\"valueRequired\":true,\"valueName\":\"search_term_string\"}}],\"inLanguage\":\"fr-FR\"}]}<\/script>\n<!-- \/ Yoast SEO plugin. -->","yoast_head_json":{"title":"Acc\u00e8s \u00e0 la formation - Institut de Formation en Sant\u00e9 du CHD","robots":{"index":"index","follow":"follow","max-snippet":"max-snippet:-1","max-image-preview":"max-image-preview:large","max-video-preview":"max-video-preview:-1"},"canonical":"https:\/\/www.ch-dunkerque.fr\/ifs\/nos-formations\/infirmier\/acces-a-la-formation\/","og_locale":"fr_FR","og_type":"article","og_title":"Acc\u00e8s \u00e0 la formation - Institut de Formation en Sant\u00e9 du CHD","og_description":"FORMATION INITIALE : Public et pr\u00e9requis : Pour acc\u00e9der \u00e0 la formation infirmi\u00e8re par la voie de parcoursup, le candidat doit : \u00eatre \u00e2g\u00e9 de 17 ans au moins au 31 d\u00e9cembre de l&#8217;ann\u00e9e en entr\u00e9e en formation candidats titulaires du baccalaur\u00e9at ou de l&#8217;\u00e9quivalence de ce dipl\u00f4me Les futurs bacheliers, bacheliers en r\u00e9orientation, candidats [&hellip;]","og_url":"https:\/\/www.ch-dunkerque.fr\/ifs\/nos-formations\/infirmier\/acces-a-la-formation\/","og_site_name":"Institut de Formation en Sant\u00e9 du CHD","article_modified_time":"2026-01-20T14:57:44+00:00","og_image":[{"width":615,"height":768,"url":"https:\/\/www.ch-dunkerque.fr\/ifs\/wp-content\/uploads\/sites\/4\/2025\/11\/Calendrier-Parcoursup.png","type":"image\/png"}],"twitter_card":"summary_large_image","twitter_misc":{"Dur\u00e9e de lecture estim\u00e9e":"2 minutes"},"schema":{"@context":"https:\/\/schema.org","@graph":[{"@type":"WebPage","@id":"https:\/\/www.ch-dunkerque.fr\/ifs\/nos-formations\/infirmier\/acces-a-la-formation\/","url":"https:\/\/www.ch-dunkerque.fr\/ifs\/nos-formations\/infirmier\/acces-a-la-formation\/","name":"Acc\u00e8s \u00e0 la formation - Institut de Formation en Sant\u00e9 du CHD","isPartOf":{"@id":"https:\/\/www.ch-dunkerque.fr\/ifs\/#website"},"primaryImageOfPage":{"@id":"https:\/\/www.ch-dunkerque.fr\/ifs\/nos-formations\/infirmier\/acces-a-la-formation\/#primaryimage"},"image":{"@id":"https:\/\/www.ch-dunkerque.fr\/ifs\/nos-formations\/infirmier\/acces-a-la-formation\/#primaryimage"},"thumbnailUrl":"https:\/\/www.ch-dunkerque.fr\/ifs\/wp-content\/uploads\/sites\/4\/2025\/11\/Calendrier-Parcoursup.png","datePublished":"2020-12-08T09:35:55+00:00","dateModified":"2026-01-20T14:57:44+00:00","breadcrumb":{"@id":"https:\/\/www.ch-dunkerque.fr\/ifs\/nos-formations\/infirmier\/acces-a-la-formation\/#breadcrumb"},"inLanguage":"fr-FR","potentialAction":[{"@type":"ReadAction","target":["https:\/\/www.ch-dunkerque.fr\/ifs\/nos-formations\/infirmier\/acces-a-la-formation\/"]}]},{"@type":"ImageObject","inLanguage":"fr-FR","@id":"https:\/\/www.ch-dunkerque.fr\/ifs\/nos-formations\/infirmier\/acces-a-la-formation\/#primaryimage","url":"https:\/\/www.ch-dunkerque.fr\/ifs\/wp-content\/uploads\/sites\/4\/2025\/11\/Calendrier-Parcoursup.png","contentUrl":"https:\/\/www.ch-dunkerque.fr\/ifs\/wp-content\/uploads\/sites\/4\/2025\/11\/Calendrier-Parcoursup.png","width":615,"height":768},{"@type":"BreadcrumbList","@id":"https:\/\/www.ch-dunkerque.fr\/ifs\/nos-formations\/infirmier\/acces-a-la-formation\/#breadcrumb","itemListElement":[{"@type":"ListItem","position":1,"name":"Accueil","item":"https:\/\/www.ch-dunkerque.fr\/ifs\/"},{"@type":"ListItem","position":2,"name":"Nos formations","item":"https:\/\/www.ch-dunkerque.fr\/ifs\/nos-formations\/"},{"@type":"ListItem","position":3,"name":"Infirmier","item":"https:\/\/www.ch-dunkerque.fr\/ifs\/nos-formations\/infirmier\/"},{"@type":"ListItem","position":4,"name":"Acc\u00e8s \u00e0 la formation"}]},{"@type":"WebSite","@id":"https:\/\/www.ch-dunkerque.fr\/ifs\/#website","url":"https:\/\/www.ch-dunkerque.fr\/ifs\/","name":"Institut de Formation en Sant\u00e9 du CHD","description":"Un site utilisant Les sites de chdunkerque","potentialAction":[{"@type":"SearchAction","target":{"@type":"EntryPoint","urlTemplate":"https:\/\/www.ch-dunkerque.fr\/ifs\/?s={search_term_string}"},"query-input":{"@type":"PropertyValueSpecification","valueRequired":true,"valueName":"search_term_string"}}],"inLanguage":"fr-FR"}]}},"_links":{"self":[{"href":"https:\/\/www.ch-dunkerque.fr\/ifs\/wp-json\/wp\/v2\/pages\/152","targetHints":{"allow":["GET"]}}],"collection":[{"href":"https:\/\/www.ch-dunkerque.fr\/ifs\/wp-json\/wp\/v2\/pages"}],"about":[{"href":"https:\/\/www.ch-dunkerque.fr\/ifs\/wp-json\/wp\/v2\/types\/page"}],"author":[{"embeddable":true,"href":"https:\/\/www.ch-dunkerque.fr\/ifs\/wp-json\/wp\/v2\/users\/13"}],"replies":[{"embeddable":true,"href":"https:\/\/www.ch-dunkerque.fr\/ifs\/wp-json\/wp\/v2\/comments?post=152"}],"version-history":[{"count":31,"href":"https:\/\/www.ch-dunkerque.fr\/ifs\/wp-json\/wp\/v2\/pages\/152\/revisions"}],"predecessor-version":[{"id":1440,"href":"https:\/\/www.ch-dunkerque.fr\/ifs\/wp-json\/wp\/v2\/pages\/152\/revisions\/1440"}],"up":[{"embeddable":true,"href":"https:\/\/www.ch-dunkerque.fr\/ifs\/wp-json\/wp\/v2\/pages\/140"}],"wp:attachment":[{"href":"https:\/\/www.ch-dunkerque.fr\/ifs\/wp-json\/wp\/v2\/media?parent=152"}],"curies":[{"name":"wp","href":"https:\/\/api.w.org\/{rel}","templated":true}]}}