{"id":45,"date":"2019-05-29T10:54:35","date_gmt":"2019-05-29T08:54:35","guid":{"rendered":"https:\/\/www.ch-dunkerque.fr\/ehpad\/?page_id=45"},"modified":"2026-03-13T10:31:52","modified_gmt":"2026-03-13T09:31:52","slug":"mon-projet-de-vie-personnalise","status":"publish","type":"page","link":"https:\/\/www.ch-dunkerque.fr\/ehpad\/nos-services-atouts\/la-vie-dans-la-residence\/mon-projet-de-vie-personnalise\/","title":{"rendered":"Mon projet d&#8217;accompagnement personnalis\u00e9"},"content":{"rendered":"<p>\u00ab\u00a0Malgr\u00e9 l\u2019avanc\u00e9e en \u00e2ge, malgr\u00e9 l\u2019existence de handicap et l\u2019apparition de la maladie\u00a0; chaque \u00eatre humain continue \u00e0 vivre donc \u00e0 avoir des projets.\u00a0\u00bb<\/p>\n<p>Le projet d\u2019Accompagnement Personnalis\u00e9 (PAP) concourt au d\u00e9veloppement d\u2019une culture de bientraitance. \u00ab\u00a0Le prendre en soins en EHPAD ne rel\u00e8ve pas seulement du soin\u00a0; c\u2019est un accompagnement qui tente de r\u00e9pondre \u00e0 l\u2019ensemble de vos besoins et vos attentes\u00a0\u00bb.<\/p>\n<p>Les objectifs du PAP sont de :<\/p>\n<ul>\n<li>proposer un accompagnement le plus adapt\u00e9 possible en fonction des besoins, d\u00e9sirs et demandes de la personne.<\/li>\n<li>maintenir et restaurer le lien social.<\/li>\n<li>parfaire notre d\u00e9marche de soins.<\/li>\n<\/ul>\n<p>A la r\u00e9sidence des Charmilles le PAP prend effet d\u00e8s votre entr\u00e9e dans la structure.<\/p>\n<p>Une fois par an, une r\u00e9union de synth\u00e8se est programm\u00e9e pour r\u00e9actualiser votre projet. Votre implication ainsi que\u00a0 celle de vos proches vont permettre de mener \u00e0 bien votre accompagnement d\u00e9but\u00e9 d\u00e8s votre entr\u00e9e.<\/p>\n<p>&nbsp;<\/p>\n<p>&nbsp;<\/p>\n","protected":false},"excerpt":{"rendered":"<p>\u00ab\u00a0Malgr\u00e9 l\u2019avanc\u00e9e en \u00e2ge, malgr\u00e9 l\u2019existence de handicap et l\u2019apparition de la maladie\u00a0; chaque \u00eatre humain continue \u00e0 vivre donc \u00e0 avoir des projets.\u00a0\u00bb Le projet d\u2019Accompagnement Personnalis\u00e9 (PAP) concourt au d\u00e9veloppement d\u2019une culture de bientraitance. \u00ab\u00a0Le prendre en soins en EHPAD ne rel\u00e8ve pas seulement du soin\u00a0; c\u2019est un accompagnement qui tente de r\u00e9pondre [&hellip;]<\/p>\n","protected":false},"author":1,"featured_media":407,"parent":39,"menu_order":2,"comment_status":"closed","ping_status":"closed","template":"","meta":{"_exactmetrics_skip_tracking":false,"_exactmetrics_sitenote_active":false,"_exactmetrics_sitenote_note":"","_exactmetrics_sitenote_category":0,"_genesis_hide_title":false,"_genesis_hide_breadcrumbs":false,"_genesis_hide_singular_image":false,"_genesis_hide_footer_widgets":false,"_genesis_custom_body_class":"","_genesis_custom_post_class":"","_genesis_layout":"","footnotes":""},"class_list":{"0":"post-45","1":"page","2":"type-page","3":"status-publish","4":"has-post-thumbnail","6":"entry"},"yoast_head":"<!-- This site is optimized with the Yoast SEO plugin v26.9 - https:\/\/yoast.com\/product\/yoast-seo-wordpress\/ -->\n<title>Mon projet d&#039;accompagnement personnalis\u00e9 - Mini site EHPAD<\/title>\n<meta name=\"robots\" content=\"index, follow, max-snippet:-1, max-image-preview:large, max-video-preview:-1\" \/>\n<link rel=\"canonical\" href=\"https:\/\/www.ch-dunkerque.fr\/ehpad\/nos-services-atouts\/la-vie-dans-la-residence\/mon-projet-de-vie-personnalise\/\" \/>\n<meta property=\"og:locale\" content=\"fr_FR\" \/>\n<meta property=\"og:type\" content=\"article\" \/>\n<meta property=\"og:title\" content=\"Mon projet d&#039;accompagnement personnalis\u00e9 - Mini site EHPAD\" \/>\n<meta property=\"og:description\" content=\"\u00ab\u00a0Malgr\u00e9 l\u2019avanc\u00e9e en \u00e2ge, malgr\u00e9 l\u2019existence de handicap et l\u2019apparition de la maladie\u00a0; chaque \u00eatre humain continue \u00e0 vivre donc \u00e0 avoir des projets.\u00a0\u00bb Le projet d\u2019Accompagnement Personnalis\u00e9 (PAP) concourt au d\u00e9veloppement d\u2019une culture de bientraitance. \u00ab\u00a0Le prendre en soins en EHPAD ne rel\u00e8ve pas seulement du soin\u00a0; c\u2019est un accompagnement qui tente de r\u00e9pondre [&hellip;]\" \/>\n<meta property=\"og:url\" content=\"https:\/\/www.ch-dunkerque.fr\/ehpad\/nos-services-atouts\/la-vie-dans-la-residence\/mon-projet-de-vie-personnalise\/\" \/>\n<meta property=\"og:site_name\" content=\"Mini site EHPAD\" \/>\n<meta property=\"article:modified_time\" content=\"2026-03-13T09:31:52+00:00\" \/>\n<meta property=\"og:image\" content=\"https:\/\/www.ch-dunkerque.fr\/ehpad\/wp-content\/uploads\/sites\/2\/2026\/03\/IMG_7195-e1773333643733.jpg\" \/>\n\t<meta property=\"og:image:width\" content=\"2197\" \/>\n\t<meta property=\"og:image:height\" content=\"1480\" \/>\n\t<meta property=\"og:image:type\" content=\"image\/jpeg\" \/>\n<meta name=\"twitter:card\" content=\"summary_large_image\" \/>\n<meta name=\"twitter:label1\" content=\"Dur\u00e9e de lecture estim\u00e9e\" \/>\n\t<meta name=\"twitter:data1\" content=\"1 minute\" \/>\n<script type=\"application\/ld+json\" class=\"yoast-schema-graph\">{\"@context\":\"https:\/\/schema.org\",\"@graph\":[{\"@type\":\"WebPage\",\"@id\":\"https:\/\/www.ch-dunkerque.fr\/ehpad\/nos-services-atouts\/la-vie-dans-la-residence\/mon-projet-de-vie-personnalise\/\",\"url\":\"https:\/\/www.ch-dunkerque.fr\/ehpad\/nos-services-atouts\/la-vie-dans-la-residence\/mon-projet-de-vie-personnalise\/\",\"name\":\"Mon projet d'accompagnement personnalis\u00e9 - Mini site EHPAD\",\"isPartOf\":{\"@id\":\"https:\/\/www.ch-dunkerque.fr\/ehpad\/#website\"},\"primaryImageOfPage\":{\"@id\":\"https:\/\/www.ch-dunkerque.fr\/ehpad\/nos-services-atouts\/la-vie-dans-la-residence\/mon-projet-de-vie-personnalise\/#primaryimage\"},\"image\":{\"@id\":\"https:\/\/www.ch-dunkerque.fr\/ehpad\/nos-services-atouts\/la-vie-dans-la-residence\/mon-projet-de-vie-personnalise\/#primaryimage\"},\"thumbnailUrl\":\"https:\/\/www.ch-dunkerque.fr\/ehpad\/wp-content\/uploads\/sites\/2\/2026\/03\/IMG_7195-e1773333643733.jpg\",\"datePublished\":\"2019-05-29T08:54:35+00:00\",\"dateModified\":\"2026-03-13T09:31:52+00:00\",\"breadcrumb\":{\"@id\":\"https:\/\/www.ch-dunkerque.fr\/ehpad\/nos-services-atouts\/la-vie-dans-la-residence\/mon-projet-de-vie-personnalise\/#breadcrumb\"},\"inLanguage\":\"fr-FR\",\"potentialAction\":[{\"@type\":\"ReadAction\",\"target\":[\"https:\/\/www.ch-dunkerque.fr\/ehpad\/nos-services-atouts\/la-vie-dans-la-residence\/mon-projet-de-vie-personnalise\/\"]}]},{\"@type\":\"ImageObject\",\"inLanguage\":\"fr-FR\",\"@id\":\"https:\/\/www.ch-dunkerque.fr\/ehpad\/nos-services-atouts\/la-vie-dans-la-residence\/mon-projet-de-vie-personnalise\/#primaryimage\",\"url\":\"https:\/\/www.ch-dunkerque.fr\/ehpad\/wp-content\/uploads\/sites\/2\/2026\/03\/IMG_7195-e1773333643733.jpg\",\"contentUrl\":\"https:\/\/www.ch-dunkerque.fr\/ehpad\/wp-content\/uploads\/sites\/2\/2026\/03\/IMG_7195-e1773333643733.jpg\",\"width\":2197,\"height\":1480},{\"@type\":\"BreadcrumbList\",\"@id\":\"https:\/\/www.ch-dunkerque.fr\/ehpad\/nos-services-atouts\/la-vie-dans-la-residence\/mon-projet-de-vie-personnalise\/#breadcrumb\",\"itemListElement\":[{\"@type\":\"ListItem\",\"position\":1,\"name\":\"Accueil\",\"item\":\"https:\/\/www.ch-dunkerque.fr\/ehpad\/\"},{\"@type\":\"ListItem\",\"position\":2,\"name\":\"Nos services et atouts\",\"item\":\"https:\/\/www.ch-dunkerque.fr\/ehpad\/nos-services-atouts\/\"},{\"@type\":\"ListItem\",\"position\":3,\"name\":\"La vie dans la r\u00e9sidence\",\"item\":\"https:\/\/www.ch-dunkerque.fr\/ehpad\/nos-services-atouts\/la-vie-dans-la-residence\/\"},{\"@type\":\"ListItem\",\"position\":4,\"name\":\"Mon projet d&#8217;accompagnement personnalis\u00e9\"}]},{\"@type\":\"WebSite\",\"@id\":\"https:\/\/www.ch-dunkerque.fr\/ehpad\/#website\",\"url\":\"https:\/\/www.ch-dunkerque.fr\/ehpad\/\",\"name\":\"Mini site EHPAD\",\"description\":\"Un site utilisant Les sites de chdunkerque\",\"potentialAction\":[{\"@type\":\"SearchAction\",\"target\":{\"@type\":\"EntryPoint\",\"urlTemplate\":\"https:\/\/www.ch-dunkerque.fr\/ehpad\/?s={search_term_string}\"},\"query-input\":{\"@type\":\"PropertyValueSpecification\",\"valueRequired\":true,\"valueName\":\"search_term_string\"}}],\"inLanguage\":\"fr-FR\"}]}<\/script>\n<!-- \/ Yoast SEO plugin. -->","yoast_head_json":{"title":"Mon projet d'accompagnement personnalis\u00e9 - Mini site EHPAD","robots":{"index":"index","follow":"follow","max-snippet":"max-snippet:-1","max-image-preview":"max-image-preview:large","max-video-preview":"max-video-preview:-1"},"canonical":"https:\/\/www.ch-dunkerque.fr\/ehpad\/nos-services-atouts\/la-vie-dans-la-residence\/mon-projet-de-vie-personnalise\/","og_locale":"fr_FR","og_type":"article","og_title":"Mon projet d'accompagnement personnalis\u00e9 - Mini site EHPAD","og_description":"\u00ab\u00a0Malgr\u00e9 l\u2019avanc\u00e9e en \u00e2ge, malgr\u00e9 l\u2019existence de handicap et l\u2019apparition de la maladie\u00a0; chaque \u00eatre humain continue \u00e0 vivre donc \u00e0 avoir des projets.\u00a0\u00bb Le projet d\u2019Accompagnement Personnalis\u00e9 (PAP) concourt au d\u00e9veloppement d\u2019une culture de bientraitance. \u00ab\u00a0Le prendre en soins en EHPAD ne rel\u00e8ve pas seulement du soin\u00a0; c\u2019est un accompagnement qui tente de r\u00e9pondre [&hellip;]","og_url":"https:\/\/www.ch-dunkerque.fr\/ehpad\/nos-services-atouts\/la-vie-dans-la-residence\/mon-projet-de-vie-personnalise\/","og_site_name":"Mini site EHPAD","article_modified_time":"2026-03-13T09:31:52+00:00","og_image":[{"width":2197,"height":1480,"url":"https:\/\/www.ch-dunkerque.fr\/ehpad\/wp-content\/uploads\/sites\/2\/2026\/03\/IMG_7195-e1773333643733.jpg","type":"image\/jpeg"}],"twitter_card":"summary_large_image","twitter_misc":{"Dur\u00e9e de lecture estim\u00e9e":"1 minute"},"schema":{"@context":"https:\/\/schema.org","@graph":[{"@type":"WebPage","@id":"https:\/\/www.ch-dunkerque.fr\/ehpad\/nos-services-atouts\/la-vie-dans-la-residence\/mon-projet-de-vie-personnalise\/","url":"https:\/\/www.ch-dunkerque.fr\/ehpad\/nos-services-atouts\/la-vie-dans-la-residence\/mon-projet-de-vie-personnalise\/","name":"Mon projet d'accompagnement personnalis\u00e9 - Mini site EHPAD","isPartOf":{"@id":"https:\/\/www.ch-dunkerque.fr\/ehpad\/#website"},"primaryImageOfPage":{"@id":"https:\/\/www.ch-dunkerque.fr\/ehpad\/nos-services-atouts\/la-vie-dans-la-residence\/mon-projet-de-vie-personnalise\/#primaryimage"},"image":{"@id":"https:\/\/www.ch-dunkerque.fr\/ehpad\/nos-services-atouts\/la-vie-dans-la-residence\/mon-projet-de-vie-personnalise\/#primaryimage"},"thumbnailUrl":"https:\/\/www.ch-dunkerque.fr\/ehpad\/wp-content\/uploads\/sites\/2\/2026\/03\/IMG_7195-e1773333643733.jpg","datePublished":"2019-05-29T08:54:35+00:00","dateModified":"2026-03-13T09:31:52+00:00","breadcrumb":{"@id":"https:\/\/www.ch-dunkerque.fr\/ehpad\/nos-services-atouts\/la-vie-dans-la-residence\/mon-projet-de-vie-personnalise\/#breadcrumb"},"inLanguage":"fr-FR","potentialAction":[{"@type":"ReadAction","target":["https:\/\/www.ch-dunkerque.fr\/ehpad\/nos-services-atouts\/la-vie-dans-la-residence\/mon-projet-de-vie-personnalise\/"]}]},{"@type":"ImageObject","inLanguage":"fr-FR","@id":"https:\/\/www.ch-dunkerque.fr\/ehpad\/nos-services-atouts\/la-vie-dans-la-residence\/mon-projet-de-vie-personnalise\/#primaryimage","url":"https:\/\/www.ch-dunkerque.fr\/ehpad\/wp-content\/uploads\/sites\/2\/2026\/03\/IMG_7195-e1773333643733.jpg","contentUrl":"https:\/\/www.ch-dunkerque.fr\/ehpad\/wp-content\/uploads\/sites\/2\/2026\/03\/IMG_7195-e1773333643733.jpg","width":2197,"height":1480},{"@type":"BreadcrumbList","@id":"https:\/\/www.ch-dunkerque.fr\/ehpad\/nos-services-atouts\/la-vie-dans-la-residence\/mon-projet-de-vie-personnalise\/#breadcrumb","itemListElement":[{"@type":"ListItem","position":1,"name":"Accueil","item":"https:\/\/www.ch-dunkerque.fr\/ehpad\/"},{"@type":"ListItem","position":2,"name":"Nos services et atouts","item":"https:\/\/www.ch-dunkerque.fr\/ehpad\/nos-services-atouts\/"},{"@type":"ListItem","position":3,"name":"La vie dans la r\u00e9sidence","item":"https:\/\/www.ch-dunkerque.fr\/ehpad\/nos-services-atouts\/la-vie-dans-la-residence\/"},{"@type":"ListItem","position":4,"name":"Mon projet d&#8217;accompagnement personnalis\u00e9"}]},{"@type":"WebSite","@id":"https:\/\/www.ch-dunkerque.fr\/ehpad\/#website","url":"https:\/\/www.ch-dunkerque.fr\/ehpad\/","name":"Mini site EHPAD","description":"Un site utilisant Les sites de chdunkerque","potentialAction":[{"@type":"SearchAction","target":{"@type":"EntryPoint","urlTemplate":"https:\/\/www.ch-dunkerque.fr\/ehpad\/?s={search_term_string}"},"query-input":{"@type":"PropertyValueSpecification","valueRequired":true,"valueName":"search_term_string"}}],"inLanguage":"fr-FR"}]}},"_links":{"self":[{"href":"https:\/\/www.ch-dunkerque.fr\/ehpad\/wp-json\/wp\/v2\/pages\/45","targetHints":{"allow":["GET"]}}],"collection":[{"href":"https:\/\/www.ch-dunkerque.fr\/ehpad\/wp-json\/wp\/v2\/pages"}],"about":[{"href":"https:\/\/www.ch-dunkerque.fr\/ehpad\/wp-json\/wp\/v2\/types\/page"}],"author":[{"embeddable":true,"href":"https:\/\/www.ch-dunkerque.fr\/ehpad\/wp-json\/wp\/v2\/users\/1"}],"replies":[{"embeddable":true,"href":"https:\/\/www.ch-dunkerque.fr\/ehpad\/wp-json\/wp\/v2\/comments?post=45"}],"version-history":[{"count":4,"href":"https:\/\/www.ch-dunkerque.fr\/ehpad\/wp-json\/wp\/v2\/pages\/45\/revisions"}],"predecessor-version":[{"id":236,"href":"https:\/\/www.ch-dunkerque.fr\/ehpad\/wp-json\/wp\/v2\/pages\/45\/revisions\/236"}],"up":[{"embeddable":true,"href":"https:\/\/www.ch-dunkerque.fr\/ehpad\/wp-json\/wp\/v2\/pages\/39"}],"wp:featuredmedia":[{"embeddable":true,"href":"https:\/\/www.ch-dunkerque.fr\/ehpad\/wp-json\/wp\/v2\/media\/407"}],"wp:attachment":[{"href":"https:\/\/www.ch-dunkerque.fr\/ehpad\/wp-json\/wp\/v2\/media?parent=45"}],"curies":[{"name":"wp","href":"https:\/\/api.w.org\/{rel}","templated":true}]}}