{"id":43,"date":"2019-05-29T10:54:11","date_gmt":"2019-05-29T08:54:11","guid":{"rendered":"https:\/\/www.ch-dunkerque.fr\/ehpad\/?page_id=43"},"modified":"2026-03-13T09:39:36","modified_gmt":"2026-03-13T08:39:36","slug":"les-activites-et-animations-proposees","status":"publish","type":"page","link":"https:\/\/www.ch-dunkerque.fr\/ehpad\/nos-services-atouts\/la-vie-dans-la-residence\/les-activites-et-animations-proposees\/","title":{"rendered":"Les activit\u00e9s et animations propos\u00e9es"},"content":{"rendered":"<h2>Le Projet d\u2019animation s\u2019inscrit pleinement dans votre projet d\u2019accompagnement personnalis\u00e9.<\/h2>\n<p>Il a pour finalit\u00e9 de\u00a0 vous permettre de participer \u00e0 des actions visant\u00a0\u00e0 votre \u00e9panouissement, votre\u00a0 bien-\u00eatre physique et moral avec l\u2019accomplissement de soi.<\/p>\n<p>Il se construit en lien avec l\u2019\u00e9quipe d\u2019animation pr\u00e9sente sur l\u2019\u00e9tablissement qui intervient d\u00e8s votre entr\u00e9e dans la structure avec un petit cadeau de bienvenue. Ce premier contact a pour but de faire connaissance et de r\u00e9pondre au mieux \u00e0 vos besoins.<\/p>\n<ul>\n<li>Des animations vous sont propos\u00e9es de fa\u00e7on r\u00e9guli\u00e8re. Le programme\u00a0 mensuel est affich\u00e9 dans la structure et peut vous \u00eatre transmis par mail de fa\u00e7on trimestrielle gr\u00e2ce \u00e0 notre newsletter &#8220;Grand&#8217;\u00c2ge&#8221; si vous le souhaitez (Formulaire d&#8217;inscription ci-dessous), et est mis \u00e0 jour sur cette page \u00e9galement.<\/li>\n<\/ul>\n<p>&nbsp;<\/p>\n<ul>\n<li>Une salle de jeux\u00a0; billard, baby-foot et jeux de soci\u00e9t\u00e9s est \u00e0 disposition pour vous et votre famille.<\/li>\n<\/ul>\n<p>&nbsp;<\/p>\n<ul>\n<li>Lors de f\u00eate familiale vous aurez la possibilit\u00e9 d\u2019inviter votre famille. Il vous suffit de vous rapprocher de l\u2019\u00e9quipe soignante et du responsable pour lib\u00e9rer un\u00a0lieu convivial et intime.<\/li>\n<\/ul>\n<p>&nbsp;<\/p>\n<h3>L\u2019\u00e9quipe d\u2019animation se compose de la coordinatrice animation et d\u2019animatrices de la r\u00e9sidence.\u00a0 Ils recherchent et encadrent des projets et actions d\u2019animation dans le respect des valeurs et objectifs du Projet d\u2019\u00e9tablissement.<\/h3>\n<p>&nbsp;<\/p>\n<ul>\n<li>Des b\u00e9n\u00e9voles adh\u00e9rents \u00e0 l\u2019association des Pyn Payoutches interviennent chaque jour dans la structure. Leur intervention consiste \u00e0 animer l\u2019estaminet et \u00e0 participer \u00e0 des manifestations institutionnelles.<\/li>\n<\/ul>\n<p>&nbsp;<\/p>\n<ul>\n<li>Les associations carnavalesques participent \u00e0 l\u2019animation et au financement de diverses activit\u00e9s.<\/li>\n<\/ul>\n<p>&nbsp;<\/p>\n<ul>\n<li>D\u2019autres associations de b\u00e9n\u00e9voles assurent des interventions sur la structure.<\/li>\n<\/ul>\n<p>&nbsp;<\/p>\n<h3>Le programme d&#8217;animation mois par mois<\/h3>\n<ul>\n<li><a href=\"https:\/\/www.ch-dunkerque.fr\/ehpad\/wp-content\/uploads\/sites\/2\/2020\/02\/janvier-2020.doc\">Programme &#8211; janvier 2020<\/a><\/li>\n<li><a href=\"https:\/\/www.ch-dunkerque.fr\/ehpad\/wp-content\/uploads\/sites\/2\/2020\/02\/f\u00e9vrier-2020.doc\">Programme &#8211; f\u00e9vrier 2020<\/a><\/li>\n<li><a href=\"https:\/\/www.ch-dunkerque.fr\/ehpad\/wp-content\/uploads\/sites\/2\/2020\/02\/mars-2020.doc\">Programme &#8211; mars 2020<\/a><\/li>\n<li><a href=\"https:\/\/www.ch-dunkerque.fr\/ehpad\/wp-content\/uploads\/sites\/2\/2020\/02\/avril-2020.doc\">Programme &#8211; avril 2020<\/a><\/li>\n<li><a href=\"https:\/\/www.ch-dunkerque.fr\/ehpad\/wp-content\/uploads\/sites\/2\/2020\/02\/mai-2020.doc\">Programme &#8211; mai 2020<\/a><\/li>\n<\/ul>\n<p>&nbsp;<\/p>\n<h3>Pour vous faire une id\u00e9e<\/h3>\n<ul>\n<li><a href=\"https:\/\/www.ch-dunkerque.fr\/ehpad\/wp-content\/uploads\/sites\/2\/2020\/02\/PROJET-DANIMATION.pdf\">Notre projet d&#8217;animation<\/a><\/li>\n<li><a href=\"https:\/\/www.ch-dunkerque.fr\/ehpad\/wp-content\/uploads\/sites\/2\/2020\/02\/charte-g\u00e9ronto-animation.pdf\">La Charte de l&#8217;Animation en G\u00e9rontologie<\/a><\/li>\n<\/ul>\n<p>&nbsp;<\/p>\n<h3>N&#8217;oubliez pas de vous inscrire \u00e0 Notre Newsletter trimestrielle \u00c2ge Tendre sur <a href=\"https:\/\/www.ch-dunkerque.fr\/le-centre-hospitalier\/nos-actualites-evenements-et-nouveautes\/sortie-une-newsletter-age-tendre-pour-notre-residence-les-charmilles\/\">le formulaire ici\u00a0<\/a><\/h3>\n<p>&nbsp;<\/p>\n<h3>Vos visites<\/h3>\n<p>Conscients du caract\u00e8re b\u00e9n\u00e9fique de la pr\u00e9sence des proches, les responsables de la maison de retraite laissent une plage de temps tr\u00e8s large pour les visites des familles et des amis, de sorte que les personnes encore en activit\u00e9 puissent s\u2019y rendre sans difficult\u00e9 apr\u00e8s le travail.<\/p>\n<p>&nbsp;<\/p>\n<p>La maison de retraite pr\u00e9voit diff\u00e9rentes possibilit\u00e9s pour permettre la pr\u00e9sence des proches :<\/p>\n<ul>\n<li>la visite ponctuelle ou r\u00e9guli\u00e8re,<\/li>\n<li>la participation des proches \u00e0 des animations pr\u00e9vue dans la structure,<\/li>\n<li>la participation \u00e0 des repas (factur\u00e9s en sus par nombre de convives) \u2013 ce moment privil\u00e9gi\u00e9 permet de partager un peu du quotidien de la personne \u00e2g\u00e9e, ce qui favorise le rapprochement familial.<\/li>\n<li>la mise \u00e0 disposition d\u2019une salle privative pour des retrouvailles plus intimes.<\/li>\n<\/ul>\n<p>&nbsp;<\/p>\n<p>Il est tout \u00e0 fait possible de rendre visite \u00e0 votre proche en maison de retraite lorsque vous le souhaitez. N\u00e9anmoins, il faut tenir compte de certains imp\u00e9ratifs horaires afin de profiter au mieux de votre visite.<\/p>\n<p>&nbsp;<\/p>\n<p>Il est demand\u00e9 d\u2019\u00e9viter si possible les visites le matin : c&#8217;est g\u00e9n\u00e9ralement le moment de la journ\u00e9e o\u00f9 sont prodigu\u00e9s la majorit\u00e9 des soins et vous risquez \u00e9galement d&#8217;arriver pendant la toilette. Ainsi , <span style=\"color: #ff0000\"><strong>les visites sont pr\u00e9conis\u00e9es de 13h \u00e0 19h<\/strong><\/span><\/p>\n","protected":false},"excerpt":{"rendered":"<p>Le Projet d\u2019animation s\u2019inscrit pleinement dans votre projet d\u2019accompagnement personnalis\u00e9. Il a pour finalit\u00e9 de\u00a0 vous permettre de participer \u00e0 des actions visant\u00a0\u00e0 votre \u00e9panouissement, votre\u00a0 bien-\u00eatre physique et moral avec l\u2019accomplissement de soi. Il se construit en lien avec l\u2019\u00e9quipe d\u2019animation pr\u00e9sente sur l\u2019\u00e9tablissement qui intervient d\u00e8s votre entr\u00e9e dans la structure avec un [&hellip;]<\/p>\n","protected":false},"author":1,"featured_media":418,"parent":39,"menu_order":1,"comment_status":"closed","ping_status":"closed","template":"","meta":{"_exactmetrics_skip_tracking":false,"_exactmetrics_sitenote_active":false,"_exactmetrics_sitenote_note":"","_exactmetrics_sitenote_category":0,"_genesis_hide_title":false,"_genesis_hide_breadcrumbs":false,"_genesis_hide_singular_image":false,"_genesis_hide_footer_widgets":false,"_genesis_custom_body_class":"","_genesis_custom_post_class":"","_genesis_layout":"","footnotes":""},"class_list":{"0":"post-43","1":"page","2":"type-page","3":"status-publish","4":"has-post-thumbnail","6":"entry"},"yoast_head":"<!-- This site is optimized with the Yoast SEO plugin v26.9 - https:\/\/yoast.com\/product\/yoast-seo-wordpress\/ -->\n<title>Les activit\u00e9s et animations propos\u00e9es - Mini site EHPAD<\/title>\n<meta name=\"robots\" content=\"index, follow, max-snippet:-1, max-image-preview:large, max-video-preview:-1\" \/>\n<link rel=\"canonical\" href=\"https:\/\/www.ch-dunkerque.fr\/ehpad\/nos-services-atouts\/la-vie-dans-la-residence\/les-activites-et-animations-proposees\/\" \/>\n<meta property=\"og:locale\" content=\"fr_FR\" \/>\n<meta property=\"og:type\" content=\"article\" \/>\n<meta property=\"og:title\" content=\"Les activit\u00e9s et animations propos\u00e9es - Mini site EHPAD\" \/>\n<meta property=\"og:description\" content=\"Le Projet d\u2019animation s\u2019inscrit pleinement dans votre projet d\u2019accompagnement personnalis\u00e9. Il a pour finalit\u00e9 de\u00a0 vous permettre de participer \u00e0 des actions visant\u00a0\u00e0 votre \u00e9panouissement, votre\u00a0 bien-\u00eatre physique et moral avec l\u2019accomplissement de soi. Il se construit en lien avec l\u2019\u00e9quipe d\u2019animation pr\u00e9sente sur l\u2019\u00e9tablissement qui intervient d\u00e8s votre entr\u00e9e dans la structure avec un [&hellip;]\" \/>\n<meta property=\"og:url\" content=\"https:\/\/www.ch-dunkerque.fr\/ehpad\/nos-services-atouts\/la-vie-dans-la-residence\/les-activites-et-animations-proposees\/\" \/>\n<meta property=\"og:site_name\" content=\"Mini site EHPAD\" \/>\n<meta property=\"article:modified_time\" content=\"2026-03-13T08:39:36+00:00\" \/>\n<meta property=\"og:image\" content=\"https:\/\/www.ch-dunkerque.fr\/ehpad\/wp-content\/uploads\/sites\/2\/2026\/03\/DSC00568web.jpg\" \/>\n\t<meta property=\"og:image:width\" content=\"2560\" \/>\n\t<meta property=\"og:image:height\" content=\"1376\" \/>\n\t<meta property=\"og:image:type\" content=\"image\/jpeg\" \/>\n<meta name=\"twitter:card\" content=\"summary_large_image\" \/>\n<meta name=\"twitter:label1\" content=\"Dur\u00e9e de lecture estim\u00e9e\" \/>\n\t<meta name=\"twitter:data1\" content=\"3 minutes\" \/>\n<script type=\"application\/ld+json\" class=\"yoast-schema-graph\">{\"@context\":\"https:\/\/schema.org\",\"@graph\":[{\"@type\":\"WebPage\",\"@id\":\"https:\/\/www.ch-dunkerque.fr\/ehpad\/nos-services-atouts\/la-vie-dans-la-residence\/les-activites-et-animations-proposees\/\",\"url\":\"https:\/\/www.ch-dunkerque.fr\/ehpad\/nos-services-atouts\/la-vie-dans-la-residence\/les-activites-et-animations-proposees\/\",\"name\":\"Les activit\u00e9s et animations propos\u00e9es - Mini site EHPAD\",\"isPartOf\":{\"@id\":\"https:\/\/www.ch-dunkerque.fr\/ehpad\/#website\"},\"primaryImageOfPage\":{\"@id\":\"https:\/\/www.ch-dunkerque.fr\/ehpad\/nos-services-atouts\/la-vie-dans-la-residence\/les-activites-et-animations-proposees\/#primaryimage\"},\"image\":{\"@id\":\"https:\/\/www.ch-dunkerque.fr\/ehpad\/nos-services-atouts\/la-vie-dans-la-residence\/les-activites-et-animations-proposees\/#primaryimage\"},\"thumbnailUrl\":\"https:\/\/www.ch-dunkerque.fr\/ehpad\/wp-content\/uploads\/sites\/2\/2026\/03\/DSC00568web.jpg\",\"datePublished\":\"2019-05-29T08:54:11+00:00\",\"dateModified\":\"2026-03-13T08:39:36+00:00\",\"breadcrumb\":{\"@id\":\"https:\/\/www.ch-dunkerque.fr\/ehpad\/nos-services-atouts\/la-vie-dans-la-residence\/les-activites-et-animations-proposees\/#breadcrumb\"},\"inLanguage\":\"fr-FR\",\"potentialAction\":[{\"@type\":\"ReadAction\",\"target\":[\"https:\/\/www.ch-dunkerque.fr\/ehpad\/nos-services-atouts\/la-vie-dans-la-residence\/les-activites-et-animations-proposees\/\"]}]},{\"@type\":\"ImageObject\",\"inLanguage\":\"fr-FR\",\"@id\":\"https:\/\/www.ch-dunkerque.fr\/ehpad\/nos-services-atouts\/la-vie-dans-la-residence\/les-activites-et-animations-proposees\/#primaryimage\",\"url\":\"https:\/\/www.ch-dunkerque.fr\/ehpad\/wp-content\/uploads\/sites\/2\/2026\/03\/DSC00568web.jpg\",\"contentUrl\":\"https:\/\/www.ch-dunkerque.fr\/ehpad\/wp-content\/uploads\/sites\/2\/2026\/03\/DSC00568web.jpg\",\"width\":2560,\"height\":1376},{\"@type\":\"BreadcrumbList\",\"@id\":\"https:\/\/www.ch-dunkerque.fr\/ehpad\/nos-services-atouts\/la-vie-dans-la-residence\/les-activites-et-animations-proposees\/#breadcrumb\",\"itemListElement\":[{\"@type\":\"ListItem\",\"position\":1,\"name\":\"Accueil\",\"item\":\"https:\/\/www.ch-dunkerque.fr\/ehpad\/\"},{\"@type\":\"ListItem\",\"position\":2,\"name\":\"Nos services et atouts\",\"item\":\"https:\/\/www.ch-dunkerque.fr\/ehpad\/nos-services-atouts\/\"},{\"@type\":\"ListItem\",\"position\":3,\"name\":\"La vie dans la r\u00e9sidence\",\"item\":\"https:\/\/www.ch-dunkerque.fr\/ehpad\/nos-services-atouts\/la-vie-dans-la-residence\/\"},{\"@type\":\"ListItem\",\"position\":4,\"name\":\"Les activit\u00e9s et animations propos\u00e9es\"}]},{\"@type\":\"WebSite\",\"@id\":\"https:\/\/www.ch-dunkerque.fr\/ehpad\/#website\",\"url\":\"https:\/\/www.ch-dunkerque.fr\/ehpad\/\",\"name\":\"Mini site EHPAD\",\"description\":\"Un site utilisant Les sites de chdunkerque\",\"potentialAction\":[{\"@type\":\"SearchAction\",\"target\":{\"@type\":\"EntryPoint\",\"urlTemplate\":\"https:\/\/www.ch-dunkerque.fr\/ehpad\/?s={search_term_string}\"},\"query-input\":{\"@type\":\"PropertyValueSpecification\",\"valueRequired\":true,\"valueName\":\"search_term_string\"}}],\"inLanguage\":\"fr-FR\"}]}<\/script>\n<!-- \/ Yoast SEO plugin. -->","yoast_head_json":{"title":"Les activit\u00e9s et animations propos\u00e9es - Mini site EHPAD","robots":{"index":"index","follow":"follow","max-snippet":"max-snippet:-1","max-image-preview":"max-image-preview:large","max-video-preview":"max-video-preview:-1"},"canonical":"https:\/\/www.ch-dunkerque.fr\/ehpad\/nos-services-atouts\/la-vie-dans-la-residence\/les-activites-et-animations-proposees\/","og_locale":"fr_FR","og_type":"article","og_title":"Les activit\u00e9s et animations propos\u00e9es - Mini site EHPAD","og_description":"Le Projet d\u2019animation s\u2019inscrit pleinement dans votre projet d\u2019accompagnement personnalis\u00e9. Il a pour finalit\u00e9 de\u00a0 vous permettre de participer \u00e0 des actions visant\u00a0\u00e0 votre \u00e9panouissement, votre\u00a0 bien-\u00eatre physique et moral avec l\u2019accomplissement de soi. Il se construit en lien avec l\u2019\u00e9quipe d\u2019animation pr\u00e9sente sur l\u2019\u00e9tablissement qui intervient d\u00e8s votre entr\u00e9e dans la structure avec un [&hellip;]","og_url":"https:\/\/www.ch-dunkerque.fr\/ehpad\/nos-services-atouts\/la-vie-dans-la-residence\/les-activites-et-animations-proposees\/","og_site_name":"Mini site EHPAD","article_modified_time":"2026-03-13T08:39:36+00:00","og_image":[{"width":2560,"height":1376,"url":"https:\/\/www.ch-dunkerque.fr\/ehpad\/wp-content\/uploads\/sites\/2\/2026\/03\/DSC00568web.jpg","type":"image\/jpeg"}],"twitter_card":"summary_large_image","twitter_misc":{"Dur\u00e9e de lecture estim\u00e9e":"3 minutes"},"schema":{"@context":"https:\/\/schema.org","@graph":[{"@type":"WebPage","@id":"https:\/\/www.ch-dunkerque.fr\/ehpad\/nos-services-atouts\/la-vie-dans-la-residence\/les-activites-et-animations-proposees\/","url":"https:\/\/www.ch-dunkerque.fr\/ehpad\/nos-services-atouts\/la-vie-dans-la-residence\/les-activites-et-animations-proposees\/","name":"Les activit\u00e9s et animations propos\u00e9es - Mini site EHPAD","isPartOf":{"@id":"https:\/\/www.ch-dunkerque.fr\/ehpad\/#website"},"primaryImageOfPage":{"@id":"https:\/\/www.ch-dunkerque.fr\/ehpad\/nos-services-atouts\/la-vie-dans-la-residence\/les-activites-et-animations-proposees\/#primaryimage"},"image":{"@id":"https:\/\/www.ch-dunkerque.fr\/ehpad\/nos-services-atouts\/la-vie-dans-la-residence\/les-activites-et-animations-proposees\/#primaryimage"},"thumbnailUrl":"https:\/\/www.ch-dunkerque.fr\/ehpad\/wp-content\/uploads\/sites\/2\/2026\/03\/DSC00568web.jpg","datePublished":"2019-05-29T08:54:11+00:00","dateModified":"2026-03-13T08:39:36+00:00","breadcrumb":{"@id":"https:\/\/www.ch-dunkerque.fr\/ehpad\/nos-services-atouts\/la-vie-dans-la-residence\/les-activites-et-animations-proposees\/#breadcrumb"},"inLanguage":"fr-FR","potentialAction":[{"@type":"ReadAction","target":["https:\/\/www.ch-dunkerque.fr\/ehpad\/nos-services-atouts\/la-vie-dans-la-residence\/les-activites-et-animations-proposees\/"]}]},{"@type":"ImageObject","inLanguage":"fr-FR","@id":"https:\/\/www.ch-dunkerque.fr\/ehpad\/nos-services-atouts\/la-vie-dans-la-residence\/les-activites-et-animations-proposees\/#primaryimage","url":"https:\/\/www.ch-dunkerque.fr\/ehpad\/wp-content\/uploads\/sites\/2\/2026\/03\/DSC00568web.jpg","contentUrl":"https:\/\/www.ch-dunkerque.fr\/ehpad\/wp-content\/uploads\/sites\/2\/2026\/03\/DSC00568web.jpg","width":2560,"height":1376},{"@type":"BreadcrumbList","@id":"https:\/\/www.ch-dunkerque.fr\/ehpad\/nos-services-atouts\/la-vie-dans-la-residence\/les-activites-et-animations-proposees\/#breadcrumb","itemListElement":[{"@type":"ListItem","position":1,"name":"Accueil","item":"https:\/\/www.ch-dunkerque.fr\/ehpad\/"},{"@type":"ListItem","position":2,"name":"Nos services et atouts","item":"https:\/\/www.ch-dunkerque.fr\/ehpad\/nos-services-atouts\/"},{"@type":"ListItem","position":3,"name":"La vie dans la r\u00e9sidence","item":"https:\/\/www.ch-dunkerque.fr\/ehpad\/nos-services-atouts\/la-vie-dans-la-residence\/"},{"@type":"ListItem","position":4,"name":"Les activit\u00e9s et animations propos\u00e9es"}]},{"@type":"WebSite","@id":"https:\/\/www.ch-dunkerque.fr\/ehpad\/#website","url":"https:\/\/www.ch-dunkerque.fr\/ehpad\/","name":"Mini site EHPAD","description":"Un site utilisant Les sites de chdunkerque","potentialAction":[{"@type":"SearchAction","target":{"@type":"EntryPoint","urlTemplate":"https:\/\/www.ch-dunkerque.fr\/ehpad\/?s={search_term_string}"},"query-input":{"@type":"PropertyValueSpecification","valueRequired":true,"valueName":"search_term_string"}}],"inLanguage":"fr-FR"}]}},"_links":{"self":[{"href":"https:\/\/www.ch-dunkerque.fr\/ehpad\/wp-json\/wp\/v2\/pages\/43","targetHints":{"allow":["GET"]}}],"collection":[{"href":"https:\/\/www.ch-dunkerque.fr\/ehpad\/wp-json\/wp\/v2\/pages"}],"about":[{"href":"https:\/\/www.ch-dunkerque.fr\/ehpad\/wp-json\/wp\/v2\/types\/page"}],"author":[{"embeddable":true,"href":"https:\/\/www.ch-dunkerque.fr\/ehpad\/wp-json\/wp\/v2\/users\/1"}],"replies":[{"embeddable":true,"href":"https:\/\/www.ch-dunkerque.fr\/ehpad\/wp-json\/wp\/v2\/comments?post=43"}],"version-history":[{"count":12,"href":"https:\/\/www.ch-dunkerque.fr\/ehpad\/wp-json\/wp\/v2\/pages\/43\/revisions"}],"predecessor-version":[{"id":262,"href":"https:\/\/www.ch-dunkerque.fr\/ehpad\/wp-json\/wp\/v2\/pages\/43\/revisions\/262"}],"up":[{"embeddable":true,"href":"https:\/\/www.ch-dunkerque.fr\/ehpad\/wp-json\/wp\/v2\/pages\/39"}],"wp:featuredmedia":[{"embeddable":true,"href":"https:\/\/www.ch-dunkerque.fr\/ehpad\/wp-json\/wp\/v2\/media\/418"}],"wp:attachment":[{"href":"https:\/\/www.ch-dunkerque.fr\/ehpad\/wp-json\/wp\/v2\/media?parent=43"}],"curies":[{"name":"wp","href":"https:\/\/api.w.org\/{rel}","templated":true}]}}