{"id":41,"date":"2019-05-29T10:53:43","date_gmt":"2019-05-29T08:53:43","guid":{"rendered":"https:\/\/www.ch-dunkerque.fr\/ehpad\/?page_id=41"},"modified":"2026-04-10T15:44:14","modified_gmt":"2026-04-10T13:44:14","slug":"votre-confort-et-votre-bien-etre","status":"publish","type":"page","link":"https:\/\/www.ch-dunkerque.fr\/ehpad\/nos-services-atouts\/la-vie-dans-la-residence\/votre-confort-et-votre-bien-etre\/","title":{"rendered":"votre confort et votre bien-\u00eatre"},"content":{"rendered":"<h3>Votre chambre<\/h3>\n<p>Une chambre simple ou double selon votre souhait est mise \u00e0 \u00a0disposition d\u00e8s votre entr\u00e9e dans la structure.<\/p>\n<p>La chambre rel\u00e8ve du domaine priv\u00e9 du r\u00e9sident. Chaque chambre comporte un lit m\u00e9dicalis\u00e9, elle est \u00e9quip\u00e9e d\u2019un t\u00e9l\u00e9viseur et de mobilier standard.<\/p>\n<p>A la r\u00e9sidence \u00ab\u00a0Les Charmilles\u00a0\u00bb votre chambre est\u00a0 assimil\u00e9e \u00e0 votre domicile, dans la mesure du possible\u00a0et pour faciliter l\u2019appropriation de votre logement, nous vous conseillons d\u2019am\u00e9nager votre lieu de vie en personnifiant votre chambre (petit mobilier, objets d\u00e9coratifs).<\/p>\n<p>Vous avez la possibilit\u00e9 d\u2019ouvrir une ligne t\u00e9l\u00e9phonique, utiliser votre t\u00e9l\u00e9phone portable ou demander un acc\u00e8s internet.<\/p>\n<p>&nbsp;<\/p>\n<h3>Vos lieux de vie collectifs<\/h3>\n<p>La r\u00e9sidence comporte des espaces de vie collectifs\u00a0:<\/p>\n<ul>\n<li>Salle d\u2019activit\u00e9s,<\/li>\n<li>Salle avec mat\u00e9riel informatique,<\/li>\n<li>Salles \u00e0 manger,<\/li>\n<li>Estaminet,<\/li>\n<li>Salle de jeux et de d\u00e9tente.<\/li>\n<\/ul>\n<p>&nbsp;<\/p>\n<p>Ces espaces permettent d\u2019accueillir votre familles, vos amis et proches.<\/p>\n<p>&nbsp;<\/p>\n<p>Une terrasse ext\u00e9rieure \u00e9quip\u00e9e de salons de jardin, parasols, espace de jeux pour enfants est mise \u00e0 votre disposition pendant la p\u00e9riode estivale.<\/p>\n<p>&nbsp;<\/p>\n<h3>Un espace Snoezelen<\/h3>\n<p>L\u2019espace Snoezelen est situ\u00e9 au rez de chauss\u00e9e des Charmilles. C\u2019est une salle de stimulation sensorielle confortable et rassurante, dans lesquelles on favorise la stimulation des 5 sens par la musique, les jeux de lumi\u00e8re, la vibration, les sensations tactiles et olfactives.<\/p>\n<p>C\u2019est un espace ou on\u00a0 stimule les sens dans une atmosph\u00e8re relaxante par le biais de diverses exp\u00e9riences propos\u00e9es lors de s\u00e9ances d\u2019une demi-heure environ.<\/p>\n<p>Les techniques employ\u00e9es sont vari\u00e9es :<\/p>\n<ul>\n<li>Baln\u00e9oth\u00e9rapie,<\/li>\n<li>Sensations \u00a0tactiles, olfactives,<\/li>\n<li>relaxation,<\/li>\n<li>colonnes \u00e0 bulles,<\/li>\n<li>musique,<\/li>\n<li>massage.<\/li>\n<\/ul>\n<p>Tout est pens\u00e9 pour d\u00e9tendre les r\u00e9sidents et calmer les angoisses.<\/p>\n<p>&nbsp;<\/p>\n<h3>Votre linge<\/h3>\n<p>L\u2019entretien de votre linge est assur\u00e9 par une blanchisserie intra hospitali\u00e8re. Lors de votre accueil un inventaire sera fait par la coordinatrice de lingerie avec validation de votre trousseau, votre linge sera marqu\u00e9\u00a0 pour un meilleur suivi.<\/p>\n<p>Si vous le souhaiter, votre linge pourra \u00eatre entretenu par votre famille.<\/p>\n<p>Il vous appartient de renouveler votre trousseau selon les saisons et vos besoins.<\/p>\n<p>&nbsp;<\/p>\n<h3>Vos repas<\/h3>\n<p>Le service de restauration est assur\u00e9 par la cuisine du CHD. Sauf cas particulier les repas se prennent en salle \u00e0 manger du rez de chauss\u00e9e ou en salle \u00e0 manger de votre \u00e9tage.<\/p>\n<p>Le petit d\u00e9jeuner est servi \u00e0 partir de 7h30.<\/p>\n<p>Une fois par mois des petits d\u00e9jeuners sal\u00e9s vous seront propos\u00e9s au niveau des \u00e9tages.<\/p>\n<p>Le d\u00e9jeuner est servi \u00e0 partir de 12h \u00a0et le diner \u00e0 partir de 18h30.<\/p>\n<p>En cas d\u2019allergie ou d\u2019aversion n\u2019h\u00e9sitez pas \u00e0 \u00a0en faire part aux soignants afin que l\u2019on vous propose un menu au plus proche de vos go\u00fbts.<\/p>\n<p>Une collation vous est propos\u00e9e pour le go\u00fbter<\/p>\n<p>Une commission des menus se r\u00e9unit r\u00e9guli\u00e8rement au sein de la r\u00e9sidence avec la participation de r\u00e9sidents.\u00a0 Cette commission valide les menus futurs et \u00a0permets aux r\u00e9sidents de s\u2019exprimer sur le sujet, c\u2019est un lieu de rencontre avec les professionnels de la cuisine autour de la question des repas.<\/p>\n<p>Le Plan de Maitrise Sanitaire est en place et appliqu\u00e9, les normes d\u2019hygi\u00e8ne \u00e9tant tr\u00e8s strictes en collectivit\u00e9.<\/p>\n<p>&nbsp;<\/p>\n<h3>Vos visites<\/h3>\n<p>Conscients du caract\u00e8re b\u00e9n\u00e9fique de la pr\u00e9sence des proches, les responsables de la maison de retraite laissent une plage de temps tr\u00e8s large pour les visites des familles et des amis, de sorte que les personnes encore en activit\u00e9 puissent s\u2019y rendre sans difficult\u00e9 apr\u00e8s le travail.<\/p>\n<p>&nbsp;<\/p>\n<p>La maison de retraite pr\u00e9voit diff\u00e9rentes possibilit\u00e9s pour permettre la pr\u00e9sence des proches :<\/p>\n<ul>\n<li>la visite ponctuelle ou r\u00e9guli\u00e8re,<\/li>\n<li>la participation des proches \u00e0 des animations pr\u00e9vue dans la structure,<\/li>\n<li>la participation \u00e0 des repas (factur\u00e9s en sus par nombre de convives) \u2013 ce moment privil\u00e9gi\u00e9 permet de partager un peu du quotidien de la personne \u00e2g\u00e9e, ce qui favorise le rapprochement familial.<\/li>\n<li>la mise \u00e0 disposition d\u2019une salle privative pour des retrouvailles plus intimes.<\/li>\n<\/ul>\n<p>&nbsp;<\/p>\n<p>Il est tout \u00e0 fait possible de rendre visite \u00e0 votre proche en maison de retraite lorsque vous le souhaitez. N\u00e9anmoins, il faut tenir compte de certains imp\u00e9ratifs horaires afin de profiter au mieux de votre visite.<\/p>\n<p>Il est demand\u00e9 d\u2019\u00e9viter si possible les visites le matin : c&#8217;est g\u00e9n\u00e9ralement le moment de la journ\u00e9e o\u00f9 sont prodigu\u00e9s la majorit\u00e9 des soins et vous risquez \u00e9galement d&#8217;arriver pendant la toilette. Ainsi , <span style=\"color: #ff0000\"><strong>les visites sont pr\u00e9conis\u00e9es de 13h \u00e0 19h<\/strong><\/span><\/p>\n<p>&nbsp;<\/p>\n<h3><a href=\"https:\/\/www.ch-dunkerque.fr\/ehpad\/wp-content\/uploads\/sites\/2\/2026\/04\/Reglement-de-fonctionnement.pdf\">R\u00e8glement de fonctionnement<\/a><\/h3>\n<p>&nbsp;<\/p>\n","protected":false},"excerpt":{"rendered":"<p>Votre chambre Une chambre simple ou double selon votre souhait est mise \u00e0 \u00a0disposition d\u00e8s votre entr\u00e9e dans la structure. La chambre rel\u00e8ve du domaine priv\u00e9 du r\u00e9sident. Chaque chambre comporte un lit m\u00e9dicalis\u00e9, elle est \u00e9quip\u00e9e d\u2019un t\u00e9l\u00e9viseur et de mobilier standard. A la r\u00e9sidence \u00ab\u00a0Les Charmilles\u00a0\u00bb votre chambre est\u00a0 assimil\u00e9e \u00e0 votre domicile, [&hellip;]<\/p>\n","protected":false},"author":1,"featured_media":422,"parent":39,"menu_order":0,"comment_status":"closed","ping_status":"closed","template":"","meta":{"_exactmetrics_skip_tracking":false,"_exactmetrics_sitenote_active":false,"_exactmetrics_sitenote_note":"","_exactmetrics_sitenote_category":0,"_genesis_hide_title":false,"_genesis_hide_breadcrumbs":false,"_genesis_hide_singular_image":false,"_genesis_hide_footer_widgets":false,"_genesis_custom_body_class":"","_genesis_custom_post_class":"","_genesis_layout":"","footnotes":""},"class_list":{"0":"post-41","1":"page","2":"type-page","3":"status-publish","4":"has-post-thumbnail","6":"entry"},"yoast_head":"<!-- This site is optimized with the Yoast SEO plugin v26.9 - https:\/\/yoast.com\/product\/yoast-seo-wordpress\/ -->\n<title>votre confort et votre bien-\u00eatre - Mini site EHPAD<\/title>\n<meta name=\"robots\" content=\"index, follow, max-snippet:-1, max-image-preview:large, max-video-preview:-1\" \/>\n<link rel=\"canonical\" href=\"https:\/\/www.ch-dunkerque.fr\/ehpad\/nos-services-atouts\/la-vie-dans-la-residence\/votre-confort-et-votre-bien-etre\/\" \/>\n<meta property=\"og:locale\" content=\"fr_FR\" \/>\n<meta property=\"og:type\" content=\"article\" \/>\n<meta property=\"og:title\" content=\"votre confort et votre bien-\u00eatre - Mini site EHPAD\" \/>\n<meta property=\"og:description\" content=\"Votre chambre Une chambre simple ou double selon votre souhait est mise \u00e0 \u00a0disposition d\u00e8s votre entr\u00e9e dans la structure. La chambre rel\u00e8ve du domaine priv\u00e9 du r\u00e9sident. Chaque chambre comporte un lit m\u00e9dicalis\u00e9, elle est \u00e9quip\u00e9e d\u2019un t\u00e9l\u00e9viseur et de mobilier standard. A la r\u00e9sidence \u00ab\u00a0Les Charmilles\u00a0\u00bb votre chambre est\u00a0 assimil\u00e9e \u00e0 votre domicile, [&hellip;]\" \/>\n<meta property=\"og:url\" content=\"https:\/\/www.ch-dunkerque.fr\/ehpad\/nos-services-atouts\/la-vie-dans-la-residence\/votre-confort-et-votre-bien-etre\/\" \/>\n<meta property=\"og:site_name\" content=\"Mini site EHPAD\" \/>\n<meta property=\"article:modified_time\" content=\"2026-04-10T13:44:14+00:00\" \/>\n<meta property=\"og:image\" content=\"https:\/\/www.ch-dunkerque.fr\/ehpad\/wp-content\/uploads\/sites\/2\/2026\/03\/DSC08263\u00b2web.jpg\" \/>\n\t<meta property=\"og:image:width\" content=\"2560\" \/>\n\t<meta property=\"og:image:height\" content=\"1343\" \/>\n\t<meta property=\"og:image:type\" content=\"image\/jpeg\" \/>\n<meta name=\"twitter:card\" content=\"summary_large_image\" \/>\n<meta name=\"twitter:label1\" content=\"Dur\u00e9e de lecture estim\u00e9e\" \/>\n\t<meta name=\"twitter:data1\" content=\"4 minutes\" \/>\n<script type=\"application\/ld+json\" class=\"yoast-schema-graph\">{\"@context\":\"https:\/\/schema.org\",\"@graph\":[{\"@type\":\"WebPage\",\"@id\":\"https:\/\/www.ch-dunkerque.fr\/ehpad\/nos-services-atouts\/la-vie-dans-la-residence\/votre-confort-et-votre-bien-etre\/\",\"url\":\"https:\/\/www.ch-dunkerque.fr\/ehpad\/nos-services-atouts\/la-vie-dans-la-residence\/votre-confort-et-votre-bien-etre\/\",\"name\":\"votre confort et votre bien-\u00eatre - Mini site EHPAD\",\"isPartOf\":{\"@id\":\"https:\/\/www.ch-dunkerque.fr\/ehpad\/#website\"},\"primaryImageOfPage\":{\"@id\":\"https:\/\/www.ch-dunkerque.fr\/ehpad\/nos-services-atouts\/la-vie-dans-la-residence\/votre-confort-et-votre-bien-etre\/#primaryimage\"},\"image\":{\"@id\":\"https:\/\/www.ch-dunkerque.fr\/ehpad\/nos-services-atouts\/la-vie-dans-la-residence\/votre-confort-et-votre-bien-etre\/#primaryimage\"},\"thumbnailUrl\":\"https:\/\/www.ch-dunkerque.fr\/ehpad\/wp-content\/uploads\/sites\/2\/2026\/03\/DSC08263\u00b2web.jpg\",\"datePublished\":\"2019-05-29T08:53:43+00:00\",\"dateModified\":\"2026-04-10T13:44:14+00:00\",\"breadcrumb\":{\"@id\":\"https:\/\/www.ch-dunkerque.fr\/ehpad\/nos-services-atouts\/la-vie-dans-la-residence\/votre-confort-et-votre-bien-etre\/#breadcrumb\"},\"inLanguage\":\"fr-FR\",\"potentialAction\":[{\"@type\":\"ReadAction\",\"target\":[\"https:\/\/www.ch-dunkerque.fr\/ehpad\/nos-services-atouts\/la-vie-dans-la-residence\/votre-confort-et-votre-bien-etre\/\"]}]},{\"@type\":\"ImageObject\",\"inLanguage\":\"fr-FR\",\"@id\":\"https:\/\/www.ch-dunkerque.fr\/ehpad\/nos-services-atouts\/la-vie-dans-la-residence\/votre-confort-et-votre-bien-etre\/#primaryimage\",\"url\":\"https:\/\/www.ch-dunkerque.fr\/ehpad\/wp-content\/uploads\/sites\/2\/2026\/03\/DSC08263\u00b2web.jpg\",\"contentUrl\":\"https:\/\/www.ch-dunkerque.fr\/ehpad\/wp-content\/uploads\/sites\/2\/2026\/03\/DSC08263\u00b2web.jpg\",\"width\":2560,\"height\":1343},{\"@type\":\"BreadcrumbList\",\"@id\":\"https:\/\/www.ch-dunkerque.fr\/ehpad\/nos-services-atouts\/la-vie-dans-la-residence\/votre-confort-et-votre-bien-etre\/#breadcrumb\",\"itemListElement\":[{\"@type\":\"ListItem\",\"position\":1,\"name\":\"Accueil\",\"item\":\"https:\/\/www.ch-dunkerque.fr\/ehpad\/\"},{\"@type\":\"ListItem\",\"position\":2,\"name\":\"Nos services et atouts\",\"item\":\"https:\/\/www.ch-dunkerque.fr\/ehpad\/nos-services-atouts\/\"},{\"@type\":\"ListItem\",\"position\":3,\"name\":\"La vie dans la r\u00e9sidence\",\"item\":\"https:\/\/www.ch-dunkerque.fr\/ehpad\/nos-services-atouts\/la-vie-dans-la-residence\/\"},{\"@type\":\"ListItem\",\"position\":4,\"name\":\"votre confort et votre bien-\u00eatre\"}]},{\"@type\":\"WebSite\",\"@id\":\"https:\/\/www.ch-dunkerque.fr\/ehpad\/#website\",\"url\":\"https:\/\/www.ch-dunkerque.fr\/ehpad\/\",\"name\":\"Mini site EHPAD\",\"description\":\"Un site utilisant Les sites de chdunkerque\",\"potentialAction\":[{\"@type\":\"SearchAction\",\"target\":{\"@type\":\"EntryPoint\",\"urlTemplate\":\"https:\/\/www.ch-dunkerque.fr\/ehpad\/?s={search_term_string}\"},\"query-input\":{\"@type\":\"PropertyValueSpecification\",\"valueRequired\":true,\"valueName\":\"search_term_string\"}}],\"inLanguage\":\"fr-FR\"}]}<\/script>\n<!-- \/ Yoast SEO plugin. -->","yoast_head_json":{"title":"votre confort et votre bien-\u00eatre - Mini site EHPAD","robots":{"index":"index","follow":"follow","max-snippet":"max-snippet:-1","max-image-preview":"max-image-preview:large","max-video-preview":"max-video-preview:-1"},"canonical":"https:\/\/www.ch-dunkerque.fr\/ehpad\/nos-services-atouts\/la-vie-dans-la-residence\/votre-confort-et-votre-bien-etre\/","og_locale":"fr_FR","og_type":"article","og_title":"votre confort et votre bien-\u00eatre - Mini site EHPAD","og_description":"Votre chambre Une chambre simple ou double selon votre souhait est mise \u00e0 \u00a0disposition d\u00e8s votre entr\u00e9e dans la structure. La chambre rel\u00e8ve du domaine priv\u00e9 du r\u00e9sident. Chaque chambre comporte un lit m\u00e9dicalis\u00e9, elle est \u00e9quip\u00e9e d\u2019un t\u00e9l\u00e9viseur et de mobilier standard. A la r\u00e9sidence \u00ab\u00a0Les Charmilles\u00a0\u00bb votre chambre est\u00a0 assimil\u00e9e \u00e0 votre domicile, [&hellip;]","og_url":"https:\/\/www.ch-dunkerque.fr\/ehpad\/nos-services-atouts\/la-vie-dans-la-residence\/votre-confort-et-votre-bien-etre\/","og_site_name":"Mini site EHPAD","article_modified_time":"2026-04-10T13:44:14+00:00","og_image":[{"width":2560,"height":1343,"url":"https:\/\/www.ch-dunkerque.fr\/ehpad\/wp-content\/uploads\/sites\/2\/2026\/03\/DSC08263\u00b2web.jpg","type":"image\/jpeg"}],"twitter_card":"summary_large_image","twitter_misc":{"Dur\u00e9e de lecture estim\u00e9e":"4 minutes"},"schema":{"@context":"https:\/\/schema.org","@graph":[{"@type":"WebPage","@id":"https:\/\/www.ch-dunkerque.fr\/ehpad\/nos-services-atouts\/la-vie-dans-la-residence\/votre-confort-et-votre-bien-etre\/","url":"https:\/\/www.ch-dunkerque.fr\/ehpad\/nos-services-atouts\/la-vie-dans-la-residence\/votre-confort-et-votre-bien-etre\/","name":"votre confort et votre bien-\u00eatre - Mini site EHPAD","isPartOf":{"@id":"https:\/\/www.ch-dunkerque.fr\/ehpad\/#website"},"primaryImageOfPage":{"@id":"https:\/\/www.ch-dunkerque.fr\/ehpad\/nos-services-atouts\/la-vie-dans-la-residence\/votre-confort-et-votre-bien-etre\/#primaryimage"},"image":{"@id":"https:\/\/www.ch-dunkerque.fr\/ehpad\/nos-services-atouts\/la-vie-dans-la-residence\/votre-confort-et-votre-bien-etre\/#primaryimage"},"thumbnailUrl":"https:\/\/www.ch-dunkerque.fr\/ehpad\/wp-content\/uploads\/sites\/2\/2026\/03\/DSC08263\u00b2web.jpg","datePublished":"2019-05-29T08:53:43+00:00","dateModified":"2026-04-10T13:44:14+00:00","breadcrumb":{"@id":"https:\/\/www.ch-dunkerque.fr\/ehpad\/nos-services-atouts\/la-vie-dans-la-residence\/votre-confort-et-votre-bien-etre\/#breadcrumb"},"inLanguage":"fr-FR","potentialAction":[{"@type":"ReadAction","target":["https:\/\/www.ch-dunkerque.fr\/ehpad\/nos-services-atouts\/la-vie-dans-la-residence\/votre-confort-et-votre-bien-etre\/"]}]},{"@type":"ImageObject","inLanguage":"fr-FR","@id":"https:\/\/www.ch-dunkerque.fr\/ehpad\/nos-services-atouts\/la-vie-dans-la-residence\/votre-confort-et-votre-bien-etre\/#primaryimage","url":"https:\/\/www.ch-dunkerque.fr\/ehpad\/wp-content\/uploads\/sites\/2\/2026\/03\/DSC08263\u00b2web.jpg","contentUrl":"https:\/\/www.ch-dunkerque.fr\/ehpad\/wp-content\/uploads\/sites\/2\/2026\/03\/DSC08263\u00b2web.jpg","width":2560,"height":1343},{"@type":"BreadcrumbList","@id":"https:\/\/www.ch-dunkerque.fr\/ehpad\/nos-services-atouts\/la-vie-dans-la-residence\/votre-confort-et-votre-bien-etre\/#breadcrumb","itemListElement":[{"@type":"ListItem","position":1,"name":"Accueil","item":"https:\/\/www.ch-dunkerque.fr\/ehpad\/"},{"@type":"ListItem","position":2,"name":"Nos services et atouts","item":"https:\/\/www.ch-dunkerque.fr\/ehpad\/nos-services-atouts\/"},{"@type":"ListItem","position":3,"name":"La vie dans la r\u00e9sidence","item":"https:\/\/www.ch-dunkerque.fr\/ehpad\/nos-services-atouts\/la-vie-dans-la-residence\/"},{"@type":"ListItem","position":4,"name":"votre confort et votre bien-\u00eatre"}]},{"@type":"WebSite","@id":"https:\/\/www.ch-dunkerque.fr\/ehpad\/#website","url":"https:\/\/www.ch-dunkerque.fr\/ehpad\/","name":"Mini site EHPAD","description":"Un site utilisant Les sites de chdunkerque","potentialAction":[{"@type":"SearchAction","target":{"@type":"EntryPoint","urlTemplate":"https:\/\/www.ch-dunkerque.fr\/ehpad\/?s={search_term_string}"},"query-input":{"@type":"PropertyValueSpecification","valueRequired":true,"valueName":"search_term_string"}}],"inLanguage":"fr-FR"}]}},"_links":{"self":[{"href":"https:\/\/www.ch-dunkerque.fr\/ehpad\/wp-json\/wp\/v2\/pages\/41","targetHints":{"allow":["GET"]}}],"collection":[{"href":"https:\/\/www.ch-dunkerque.fr\/ehpad\/wp-json\/wp\/v2\/pages"}],"about":[{"href":"https:\/\/www.ch-dunkerque.fr\/ehpad\/wp-json\/wp\/v2\/types\/page"}],"author":[{"embeddable":true,"href":"https:\/\/www.ch-dunkerque.fr\/ehpad\/wp-json\/wp\/v2\/users\/1"}],"replies":[{"embeddable":true,"href":"https:\/\/www.ch-dunkerque.fr\/ehpad\/wp-json\/wp\/v2\/comments?post=41"}],"version-history":[{"count":14,"href":"https:\/\/www.ch-dunkerque.fr\/ehpad\/wp-json\/wp\/v2\/pages\/41\/revisions"}],"predecessor-version":[{"id":484,"href":"https:\/\/www.ch-dunkerque.fr\/ehpad\/wp-json\/wp\/v2\/pages\/41\/revisions\/484"}],"up":[{"embeddable":true,"href":"https:\/\/www.ch-dunkerque.fr\/ehpad\/wp-json\/wp\/v2\/pages\/39"}],"wp:featuredmedia":[{"embeddable":true,"href":"https:\/\/www.ch-dunkerque.fr\/ehpad\/wp-json\/wp\/v2\/media\/422"}],"wp:attachment":[{"href":"https:\/\/www.ch-dunkerque.fr\/ehpad\/wp-json\/wp\/v2\/media?parent=41"}],"curies":[{"name":"wp","href":"https:\/\/api.w.org\/{rel}","templated":true}]}}