{"id":402,"date":"2026-03-12T14:51:27","date_gmt":"2026-03-12T13:51:27","guid":{"rendered":"https:\/\/www.ch-dunkerque.fr\/ehpad\/?page_id=402"},"modified":"2026-03-17T11:55:35","modified_gmt":"2026-03-17T10:55:35","slug":"personne-qualifiee","status":"publish","type":"page","link":"https:\/\/www.ch-dunkerque.fr\/ehpad\/residence-les-charmilles\/notre-engagement-qualite\/personne-qualifiee\/","title":{"rendered":"Personne qualifi\u00e9e"},"content":{"rendered":"\t\t<div data-elementor-type=\"wp-page\" data-elementor-id=\"402\" class=\"elementor elementor-402\">\n\t\t\t\t\t\t<section class=\"elementor-section elementor-top-section elementor-element elementor-element-6d314249 elementor-section-boxed elementor-section-height-default elementor-section-height-default\" data-id=\"6d314249\" data-element_type=\"section\" data-e-type=\"section\">\n\t\t\t\t\t\t<div class=\"elementor-container elementor-column-gap-default\">\n\t\t\t\t\t<div class=\"elementor-column elementor-col-100 elementor-top-column elementor-element elementor-element-169e15b4\" data-id=\"169e15b4\" data-element_type=\"column\" data-e-type=\"column\">\n\t\t\t<div class=\"elementor-widget-wrap elementor-element-populated\">\n\t\t\t\t\t\t<div class=\"elementor-element elementor-element-6496fe33 elementor-widget elementor-widget-text-editor\" data-id=\"6496fe33\" data-element_type=\"widget\" data-e-type=\"widget\" data-widget_type=\"text-editor.default\">\n\t\t\t\t<div class=\"elementor-widget-container\">\n\t\t\t\t\t\t\t\t\t&nbsp;\r\n<p class=\"text-center\"><span style=\"font-size: 12pt\">D\u00e9fendre vos droits, apaiser les conflits : le r\u00f4le cl\u00e9 des personnes qualifi\u00e9es<\/span><\/p>\r\n<a href=\"https:\/\/info.lenord.fr\/defendre-vos-droits-apaiser-les-conflits--le-role-cle-des-personnes-qualifiees\">https:\/\/info.lenord.fr\/defendre-vos-droits-apaiser-les-conflits&#8211;le-role-cle-des-personnes-qualifiees<\/a>\t\t\t\t\t\t\t\t<\/div>\n\t\t\t\t<\/div>\n\t\t\t\t\t<\/div>\n\t\t<\/div>\n\t\t\t\t\t<\/div>\n\t\t<\/section>\n\t\t\t\t<section class=\"elementor-section elementor-top-section elementor-element elementor-element-a79d7c5 elementor-section-boxed elementor-section-height-default elementor-section-height-default\" data-id=\"a79d7c5\" data-element_type=\"section\" data-e-type=\"section\">\n\t\t\t\t\t\t<div class=\"elementor-container elementor-column-gap-default\">\n\t\t\t\t\t<div class=\"elementor-column elementor-col-100 elementor-top-column elementor-element elementor-element-e76c949\" data-id=\"e76c949\" data-element_type=\"column\" data-e-type=\"column\">\n\t\t\t<div class=\"elementor-widget-wrap elementor-element-populated\">\n\t\t\t\t\t\t<div class=\"elementor-element elementor-element-30714ee elementor-widget elementor-widget-text-editor\" data-id=\"30714ee\" data-element_type=\"widget\" data-e-type=\"widget\" data-widget_type=\"text-editor.default\">\n\t\t\t\t<div class=\"elementor-widget-container\">\n\t\t\t\t\t\t\t\t\t<p><iframe src=\"\/\/www.youtube.com\/embed\/3BDM7tDQkVo\" width=\"560\" height=\"314\"><\/iframe><\/p>\t\t\t\t\t\t\t\t<\/div>\n\t\t\t\t<\/div>\n\t\t\t\t\t<\/div>\n\t\t<\/div>\n\t\t\t\t\t<\/div>\n\t\t<\/section>\n\t\t\t\t<\/div>\n\t\t","protected":false},"excerpt":{"rendered":"<p>&nbsp; D\u00e9fendre vos droits, apaiser les conflits : le r\u00f4le cl\u00e9 des personnes qualifi\u00e9es https:\/\/info.lenord.fr\/defendre-vos-droits-apaiser-les-conflits&#8211;le-role-cle-des-personnes-qualifiees<\/p>\n","protected":false},"author":20,"featured_media":411,"parent":15,"menu_order":0,"comment_status":"closed","ping_status":"closed","template":"","meta":{"_exactmetrics_skip_tracking":false,"_exactmetrics_sitenote_active":false,"_exactmetrics_sitenote_note":"","_exactmetrics_sitenote_category":0,"_genesis_hide_title":false,"_genesis_hide_breadcrumbs":false,"_genesis_hide_singular_image":false,"_genesis_hide_footer_widgets":false,"_genesis_custom_body_class":"","_genesis_custom_post_class":"","_genesis_layout":"","footnotes":""},"class_list":{"0":"post-402","1":"page","2":"type-page","3":"status-publish","4":"has-post-thumbnail","6":"entry"},"yoast_head":"<!-- This site is optimized with the Yoast SEO plugin v26.9 - https:\/\/yoast.com\/product\/yoast-seo-wordpress\/ -->\n<title>Personne qualifi\u00e9e - Mini site EHPAD<\/title>\n<meta name=\"robots\" content=\"index, follow, max-snippet:-1, max-image-preview:large, max-video-preview:-1\" \/>\n<link rel=\"canonical\" href=\"https:\/\/www.ch-dunkerque.fr\/ehpad\/residence-les-charmilles\/notre-engagement-qualite\/personne-qualifiee\/\" \/>\n<meta property=\"og:locale\" content=\"fr_FR\" \/>\n<meta property=\"og:type\" content=\"article\" \/>\n<meta property=\"og:title\" content=\"Personne qualifi\u00e9e - Mini site EHPAD\" \/>\n<meta property=\"og:description\" content=\"&nbsp; D\u00e9fendre vos droits, apaiser les conflits : le r\u00f4le cl\u00e9 des personnes qualifi\u00e9es https:\/\/info.lenord.fr\/defendre-vos-droits-apaiser-les-conflits&#8211;le-role-cle-des-personnes-qualifiees\" \/>\n<meta property=\"og:url\" content=\"https:\/\/www.ch-dunkerque.fr\/ehpad\/residence-les-charmilles\/notre-engagement-qualite\/personne-qualifiee\/\" \/>\n<meta property=\"og:site_name\" content=\"Mini site EHPAD\" \/>\n<meta property=\"article:modified_time\" content=\"2026-03-17T10:55:35+00:00\" \/>\n<meta property=\"og:image\" content=\"https:\/\/www.ch-dunkerque.fr\/ehpad\/wp-content\/uploads\/sites\/2\/2026\/03\/DSC1640web.jpg\" \/>\n\t<meta property=\"og:image:width\" content=\"2560\" \/>\n\t<meta property=\"og:image:height\" content=\"1614\" \/>\n\t<meta property=\"og:image:type\" content=\"image\/jpeg\" \/>\n<meta name=\"twitter:card\" content=\"summary_large_image\" \/>\n<meta name=\"twitter:label1\" content=\"Dur\u00e9e de lecture estim\u00e9e\" \/>\n\t<meta name=\"twitter:data1\" content=\"1 minute\" \/>\n<script type=\"application\/ld+json\" class=\"yoast-schema-graph\">{\"@context\":\"https:\/\/schema.org\",\"@graph\":[{\"@type\":\"WebPage\",\"@id\":\"https:\/\/www.ch-dunkerque.fr\/ehpad\/residence-les-charmilles\/notre-engagement-qualite\/personne-qualifiee\/\",\"url\":\"https:\/\/www.ch-dunkerque.fr\/ehpad\/residence-les-charmilles\/notre-engagement-qualite\/personne-qualifiee\/\",\"name\":\"Personne qualifi\u00e9e - Mini site EHPAD\",\"isPartOf\":{\"@id\":\"https:\/\/www.ch-dunkerque.fr\/ehpad\/#website\"},\"primaryImageOfPage\":{\"@id\":\"https:\/\/www.ch-dunkerque.fr\/ehpad\/residence-les-charmilles\/notre-engagement-qualite\/personne-qualifiee\/#primaryimage\"},\"image\":{\"@id\":\"https:\/\/www.ch-dunkerque.fr\/ehpad\/residence-les-charmilles\/notre-engagement-qualite\/personne-qualifiee\/#primaryimage\"},\"thumbnailUrl\":\"https:\/\/www.ch-dunkerque.fr\/ehpad\/wp-content\/uploads\/sites\/2\/2026\/03\/DSC1640web.jpg\",\"datePublished\":\"2026-03-12T13:51:27+00:00\",\"dateModified\":\"2026-03-17T10:55:35+00:00\",\"breadcrumb\":{\"@id\":\"https:\/\/www.ch-dunkerque.fr\/ehpad\/residence-les-charmilles\/notre-engagement-qualite\/personne-qualifiee\/#breadcrumb\"},\"inLanguage\":\"fr-FR\",\"potentialAction\":[{\"@type\":\"ReadAction\",\"target\":[\"https:\/\/www.ch-dunkerque.fr\/ehpad\/residence-les-charmilles\/notre-engagement-qualite\/personne-qualifiee\/\"]}]},{\"@type\":\"ImageObject\",\"inLanguage\":\"fr-FR\",\"@id\":\"https:\/\/www.ch-dunkerque.fr\/ehpad\/residence-les-charmilles\/notre-engagement-qualite\/personne-qualifiee\/#primaryimage\",\"url\":\"https:\/\/www.ch-dunkerque.fr\/ehpad\/wp-content\/uploads\/sites\/2\/2026\/03\/DSC1640web.jpg\",\"contentUrl\":\"https:\/\/www.ch-dunkerque.fr\/ehpad\/wp-content\/uploads\/sites\/2\/2026\/03\/DSC1640web.jpg\",\"width\":2560,\"height\":1614},{\"@type\":\"BreadcrumbList\",\"@id\":\"https:\/\/www.ch-dunkerque.fr\/ehpad\/residence-les-charmilles\/notre-engagement-qualite\/personne-qualifiee\/#breadcrumb\",\"itemListElement\":[{\"@type\":\"ListItem\",\"position\":1,\"name\":\"Accueil\",\"item\":\"https:\/\/www.ch-dunkerque.fr\/ehpad\/\"},{\"@type\":\"ListItem\",\"position\":2,\"name\":\"R\u00e9sidence les Charmilles\",\"item\":\"https:\/\/www.ch-dunkerque.fr\/ehpad\/residence-les-charmilles\/\"},{\"@type\":\"ListItem\",\"position\":3,\"name\":\"Notre engagement qualit\u00e9\",\"item\":\"https:\/\/www.ch-dunkerque.fr\/ehpad\/residence-les-charmilles\/notre-engagement-qualite\/\"},{\"@type\":\"ListItem\",\"position\":4,\"name\":\"Personne qualifi\u00e9e\"}]},{\"@type\":\"WebSite\",\"@id\":\"https:\/\/www.ch-dunkerque.fr\/ehpad\/#website\",\"url\":\"https:\/\/www.ch-dunkerque.fr\/ehpad\/\",\"name\":\"Mini site EHPAD\",\"description\":\"Un site utilisant Les sites de chdunkerque\",\"potentialAction\":[{\"@type\":\"SearchAction\",\"target\":{\"@type\":\"EntryPoint\",\"urlTemplate\":\"https:\/\/www.ch-dunkerque.fr\/ehpad\/?s={search_term_string}\"},\"query-input\":{\"@type\":\"PropertyValueSpecification\",\"valueRequired\":true,\"valueName\":\"search_term_string\"}}],\"inLanguage\":\"fr-FR\"}]}<\/script>\n<!-- \/ Yoast SEO plugin. -->","yoast_head_json":{"title":"Personne qualifi\u00e9e - Mini site EHPAD","robots":{"index":"index","follow":"follow","max-snippet":"max-snippet:-1","max-image-preview":"max-image-preview:large","max-video-preview":"max-video-preview:-1"},"canonical":"https:\/\/www.ch-dunkerque.fr\/ehpad\/residence-les-charmilles\/notre-engagement-qualite\/personne-qualifiee\/","og_locale":"fr_FR","og_type":"article","og_title":"Personne qualifi\u00e9e - Mini site EHPAD","og_description":"&nbsp; D\u00e9fendre vos droits, apaiser les conflits : le r\u00f4le cl\u00e9 des personnes qualifi\u00e9es https:\/\/info.lenord.fr\/defendre-vos-droits-apaiser-les-conflits&#8211;le-role-cle-des-personnes-qualifiees","og_url":"https:\/\/www.ch-dunkerque.fr\/ehpad\/residence-les-charmilles\/notre-engagement-qualite\/personne-qualifiee\/","og_site_name":"Mini site EHPAD","article_modified_time":"2026-03-17T10:55:35+00:00","og_image":[{"width":2560,"height":1614,"url":"https:\/\/www.ch-dunkerque.fr\/ehpad\/wp-content\/uploads\/sites\/2\/2026\/03\/DSC1640web.jpg","type":"image\/jpeg"}],"twitter_card":"summary_large_image","twitter_misc":{"Dur\u00e9e de lecture estim\u00e9e":"1 minute"},"schema":{"@context":"https:\/\/schema.org","@graph":[{"@type":"WebPage","@id":"https:\/\/www.ch-dunkerque.fr\/ehpad\/residence-les-charmilles\/notre-engagement-qualite\/personne-qualifiee\/","url":"https:\/\/www.ch-dunkerque.fr\/ehpad\/residence-les-charmilles\/notre-engagement-qualite\/personne-qualifiee\/","name":"Personne qualifi\u00e9e - Mini site EHPAD","isPartOf":{"@id":"https:\/\/www.ch-dunkerque.fr\/ehpad\/#website"},"primaryImageOfPage":{"@id":"https:\/\/www.ch-dunkerque.fr\/ehpad\/residence-les-charmilles\/notre-engagement-qualite\/personne-qualifiee\/#primaryimage"},"image":{"@id":"https:\/\/www.ch-dunkerque.fr\/ehpad\/residence-les-charmilles\/notre-engagement-qualite\/personne-qualifiee\/#primaryimage"},"thumbnailUrl":"https:\/\/www.ch-dunkerque.fr\/ehpad\/wp-content\/uploads\/sites\/2\/2026\/03\/DSC1640web.jpg","datePublished":"2026-03-12T13:51:27+00:00","dateModified":"2026-03-17T10:55:35+00:00","breadcrumb":{"@id":"https:\/\/www.ch-dunkerque.fr\/ehpad\/residence-les-charmilles\/notre-engagement-qualite\/personne-qualifiee\/#breadcrumb"},"inLanguage":"fr-FR","potentialAction":[{"@type":"ReadAction","target":["https:\/\/www.ch-dunkerque.fr\/ehpad\/residence-les-charmilles\/notre-engagement-qualite\/personne-qualifiee\/"]}]},{"@type":"ImageObject","inLanguage":"fr-FR","@id":"https:\/\/www.ch-dunkerque.fr\/ehpad\/residence-les-charmilles\/notre-engagement-qualite\/personne-qualifiee\/#primaryimage","url":"https:\/\/www.ch-dunkerque.fr\/ehpad\/wp-content\/uploads\/sites\/2\/2026\/03\/DSC1640web.jpg","contentUrl":"https:\/\/www.ch-dunkerque.fr\/ehpad\/wp-content\/uploads\/sites\/2\/2026\/03\/DSC1640web.jpg","width":2560,"height":1614},{"@type":"BreadcrumbList","@id":"https:\/\/www.ch-dunkerque.fr\/ehpad\/residence-les-charmilles\/notre-engagement-qualite\/personne-qualifiee\/#breadcrumb","itemListElement":[{"@type":"ListItem","position":1,"name":"Accueil","item":"https:\/\/www.ch-dunkerque.fr\/ehpad\/"},{"@type":"ListItem","position":2,"name":"R\u00e9sidence les Charmilles","item":"https:\/\/www.ch-dunkerque.fr\/ehpad\/residence-les-charmilles\/"},{"@type":"ListItem","position":3,"name":"Notre engagement qualit\u00e9","item":"https:\/\/www.ch-dunkerque.fr\/ehpad\/residence-les-charmilles\/notre-engagement-qualite\/"},{"@type":"ListItem","position":4,"name":"Personne qualifi\u00e9e"}]},{"@type":"WebSite","@id":"https:\/\/www.ch-dunkerque.fr\/ehpad\/#website","url":"https:\/\/www.ch-dunkerque.fr\/ehpad\/","name":"Mini site EHPAD","description":"Un site utilisant Les sites de chdunkerque","potentialAction":[{"@type":"SearchAction","target":{"@type":"EntryPoint","urlTemplate":"https:\/\/www.ch-dunkerque.fr\/ehpad\/?s={search_term_string}"},"query-input":{"@type":"PropertyValueSpecification","valueRequired":true,"valueName":"search_term_string"}}],"inLanguage":"fr-FR"}]}},"_links":{"self":[{"href":"https:\/\/www.ch-dunkerque.fr\/ehpad\/wp-json\/wp\/v2\/pages\/402","targetHints":{"allow":["GET"]}}],"collection":[{"href":"https:\/\/www.ch-dunkerque.fr\/ehpad\/wp-json\/wp\/v2\/pages"}],"about":[{"href":"https:\/\/www.ch-dunkerque.fr\/ehpad\/wp-json\/wp\/v2\/types\/page"}],"author":[{"embeddable":true,"href":"https:\/\/www.ch-dunkerque.fr\/ehpad\/wp-json\/wp\/v2\/users\/20"}],"replies":[{"embeddable":true,"href":"https:\/\/www.ch-dunkerque.fr\/ehpad\/wp-json\/wp\/v2\/comments?post=402"}],"version-history":[{"count":5,"href":"https:\/\/www.ch-dunkerque.fr\/ehpad\/wp-json\/wp\/v2\/pages\/402\/revisions"}],"predecessor-version":[{"id":447,"href":"https:\/\/www.ch-dunkerque.fr\/ehpad\/wp-json\/wp\/v2\/pages\/402\/revisions\/447"}],"up":[{"embeddable":true,"href":"https:\/\/www.ch-dunkerque.fr\/ehpad\/wp-json\/wp\/v2\/pages\/15"}],"wp:featuredmedia":[{"embeddable":true,"href":"https:\/\/www.ch-dunkerque.fr\/ehpad\/wp-json\/wp\/v2\/media\/411"}],"wp:attachment":[{"href":"https:\/\/www.ch-dunkerque.fr\/ehpad\/wp-json\/wp\/v2\/media?parent=402"}],"curies":[{"name":"wp","href":"https:\/\/api.w.org\/{rel}","templated":true}]}}